{"id":8527,"date":"2018-10-22T11:08:28","date_gmt":"2018-10-22T11:08:28","guid":{"rendered":"https:\/\/test.epi.org.mk\/?page_id=8527"},"modified":"2021-08-09T15:50:10","modified_gmt":"2021-08-09T13:50:10","slug":"%d0%b4%d0%be%d0%bd%d0%b0%d1%82%d0%be%d1%80%d0%b8","status":"publish","type":"page","link":"https:\/\/epi.org.mk\/sq\/%d0%b4%d0%be%d0%bd%d0%b0%d1%82%d0%be%d1%80%d0%b8?lang=sq","title":{"rendered":"Donator\u00ebt"},"content":{"rendered":"<div class=\"wpb-content-wrapper\"><div data-vc-full-width=\"true\" data-vc-full-width-init=\"false\" data-vc-stretch-content=\"true\" class=\"vc_row wpb_row vc_row-fluid\"><div class=\"wpb_column vc_column_container vc_col-sm-12\"><div class=\"vc_column-inner\"><div class=\"wpb_wrapper\">\n\t<div class=\"wpb_text_column wpb_content_element\" >\n\t\t<div class=\"wpb_wrapper\">\n\t\t\t<div class=\"table-responsive\">\n<table border=\"1\" cellspacing=\"0\">\n<tbody>\n<tr>\n<td style=\"min-width: 50px; text-align: center; font-weight: bold; vertical-align: middle; background: #4998b7;\"><span style=\"color: #ffffff;\">Viti<\/span><\/td>\n<td style=\"min-width: 50px; text-align: center; font-weight: bold; vertical-align: middle; background: #4998b7;\"><span style=\"color: #ffffff;\">Emri<\/span><\/td>\n<td style=\"min-width: 50px; text-align: center; font-weight: bold; vertical-align: middle; background: #4998b7;\"><span style=\"color: #ffffff;\">Burimi<\/span><\/td>\n<td style=\"min-width: 50px; text-align: center; font-weight: bold; vertical-align: middle; background: #4998b7;\"><span style=\"color: #ffffff;\">P\u00ebrshkrim<\/span><\/td>\n<td style=\"min-width: 50px; text-align: center; font-weight: bold; vertical-align: middle; background: #4998b7;\"><span style=\"color: #ffffff;\">Shuma<\/span><\/td>\n<td style=\"min-width: 50px; text-align: center; font-weight: bold; vertical-align: middle; background: #4998b7;\"><span style=\"color: #ffffff;\">Valuta<\/span><\/td>\n<td style=\"min-width: 50px; text-align: center; font-weight: bold; vertical-align: middle; background: #4998b7;\"><span style=\"color: #ffffff;\">Koh\u00ebzgjatja prej<\/span><\/td>\n<td style=\"min-width: 50px; text-align: center; font-weight: bold; vertical-align: middle; background: #4998b7;\"><span style=\"color: #ffffff;\">Deri<\/span><\/td>\n<\/tr>\n<tr>\n<td style=\"min-width: 50px;\">2020<\/td>\n<td style=\"min-width: 50px;\"><\/td>\n<td style=\"min-width: 50px;\"><\/td>\n<td style=\"min-width: 50px;\"><\/td>\n<td style=\"min-width: 50px;\"><\/td>\n<td style=\"min-width: 50px;\"><\/td>\n<td style=\"min-width: 50px;\"><\/td>\n<td style=\"min-width: 50px;\">\/<\/td>\n<\/tr>\n<tr>\n<td style=\"min-width: 50px;\">2020<\/td>\n<td style=\"min-width: 50px;\">ND\u00cbRMJET\u00cbSONI, MOS DYSHONI<\/td>\n<td style=\"min-width: 50px;\">Ambasada e Mbret\u00ebris\u00eb s\u00eb Holand\u00ebs n\u00eb Shkup<\/td>\n<td style=\"min-width: 50px;\">T\u00eb kontribuoj\u00eb n\u00eb rritjen e p\u00ebrdorimit t\u00eb nd\u00ebrmjet\u00ebsimit si m\u00ebnyr\u00eb alternative p\u00ebr zgjidhje t\u00eb kontesteve.<\/p>\n<p>Q\u00ebllimet specifike:<br \/>\n1. Sigurim i informacionit t\u00eb bazuar n\u00eb prova p\u00ebr nd\u00ebrmjet\u00ebsimin si mjet p\u00ebr zgjidhje alternative t\u00eb kontesteve n\u00eb Maqedonin\u00eb e Veriut;<br \/>\n2. Forcimi i kapaciteteve t\u00eb nd\u00ebrmjet\u00ebsues\u00ebve, gjykat\u00ebsve dhe Komor\u00ebs s\u00eb nd\u00ebrmjet\u00ebsues\u00ebve;<br \/>\n3. Mund\u00ebsimi i nj\u00eb mekanizmi p\u00ebr dialog dhe bashk\u00ebpunim nd\u00ebrmjet pal\u00ebve m\u00eb t\u00eb r\u00ebnd\u00ebsishme n\u00eb fush\u00ebn e nd\u00ebrmjet\u00ebsimit;<\/td>\n<td style=\"min-width: 50px;\">8089384<\/td>\n<td style=\"min-width: 50px;\">MKD<\/td>\n<td style=\"min-width: 50px;\">01-09-2020<\/td>\n<td style=\"min-width: 50px;\">31-08-2022<\/td>\n<\/tr>\n<tr>\n<td style=\"min-width: 50px;\">2020<\/td>\n<td style=\"min-width: 50px;\">Nd\u00ebrtojm\u00eb ardhm\u00ebri s\u00ebbashku: Bashkimi Evropian dhe Ballkani Per\u00ebndimor nga perspektiva e t\u00eb rinj\u00ebve<\/td>\n<td style=\"min-width: 50px;\">Komisioni Evropian<\/td>\n<td style=\"min-width: 50px;\">Ky projekt kontribuon drejtp\u00ebrdrejt n\u00eb hartimin e politikave gjith\u00ebp\u00ebrfshir\u00ebse n\u00eb nivel t\u00eb Bashkimit Evropian duke sjell\u00eb kontributin e qytetar\u00ebve n\u00eb formulimin dhe ridefinimin e politikave t\u00eb zgjerimit t\u00eb BE-s\u00eb p\u00ebr Ballkanin Per\u00ebndimor. Projekti do t\u00eb hedh drit\u00eb p\u00ebr sfidat dhe problemet e p\u00ebrbashk\u00ebta si p\u00ebr qytetar\u00ebt e Ballkanit Per\u00ebndimor ashtu edhe te t\u00eb BE-s\u00eb, duke vendosur fokus t\u00eb theksuar tek t\u00eb rinjt\u00eb, p\u00ebrmes adresimit t\u00eb \u00e7\u00ebshtjeve transnacionale me interes t\u00eb p\u00ebrbashk\u00ebt si: ndryshimet klimatike, siguria, paqja, ambienti, mund\u00ebsit\u00eb ekonomike, prmovimi i dialogut nd\u00ebrkulturor dhe ngritja e vet\u00ebdijes p\u00ebr trash\u00ebgimi t\u00eb p\u00ebrbashk\u00ebt. Ky projekt do t\u00eb kontribuoj\u00eb n\u00eb arritjen e q\u00ebllimit specifik n\u00eb lidhje me inkurajimin e pjes\u00ebmarrjes demokratike dhe civile t\u00eb t\u00eb rinj\u00ebve, duke zhvilluar kuptimin p\u00ebr procesin e hartimit t\u00eb politikave.<\/td>\n<td style=\"min-width: 50px;\">143640<\/td>\n<td style=\"min-width: 50px;\">EUR<\/td>\n<td style=\"min-width: 50px;\">09-03-2020<\/td>\n<td style=\"min-width: 50px;\">\/<\/td>\n<\/tr>\n<tr>\n<td style=\"min-width: 50px; text-align: center; font-weight: bold; vertical-align: middle; background: #4998b7;\"><span style=\"color: #ffffff;\">Viti<\/span><\/td>\n<td style=\"min-width: 50px; text-align: center; font-weight: bold; vertical-align: middle; background: #4998b7;\"><span style=\"color: #ffffff;\">Emri<\/span><\/td>\n<td style=\"min-width: 50px; text-align: center; font-weight: bold; vertical-align: middle; background: #4998b7;\"><span style=\"color: #ffffff;\">Burimi<\/span><\/td>\n<td style=\"min-width: 50px; text-align: center; font-weight: bold; vertical-align: middle; background: #4998b7;\"><span style=\"color: #ffffff;\">P\u00ebrshkrim<\/span><\/td>\n<td style=\"min-width: 50px; text-align: center; font-weight: bold; vertical-align: middle; background: #4998b7;\"><span style=\"color: #ffffff;\">Shuma<\/span><\/td>\n<td style=\"min-width: 50px; text-align: center; font-weight: bold; vertical-align: middle; background: #4998b7;\"><span style=\"color: #ffffff;\">Valuta<\/span><\/td>\n<td style=\"min-width: 50px; text-align: center; font-weight: bold; vertical-align: middle; background: #4998b7;\"><span style=\"color: #ffffff;\">Koh\u00ebzgjatja prej<\/span><\/td>\n<td style=\"min-width: 50px; text-align: center; font-weight: bold; vertical-align: middle; background: #4998b7;\"><span style=\"color: #ffffff;\">Deri<\/span><\/td>\n<\/tr>\n<tr>\n<td style=\"min-width: 50px;\">2019<\/td>\n<td style=\"min-width: 50px;\">Fuqizimi i Shoq\u00ebris\u00eb Civile t\u00eb Ballkanit Per\u00ebndimor p\u00ebr nj\u00eb Administrat\u00eb Publike t\u00eb Reformuar<\/td>\n<td style=\"min-width: 50px;\">Komisioni Evropian<\/td>\n<td style=\"min-width: 50px;\">WeBER 2.0 synon t\u00eb ndihmoj\u00eb n\u00eb fuqizimin e shoq\u00ebris\u00eb civile duke e pajisur me njohuri, aft\u00ebsi dhe mjete p\u00ebr t\u00eb monitoruar reform\u00ebn n\u00eb administrat\u00eb dhe p\u00ebr t\u2019i k\u00ebrkuar llogari qeverive t\u00eb tyre p\u00ebr cil\u00ebsin\u00eb e politikave q\u00eb ata zhvillojn\u00eb, sh\u00ebrbimet q\u00eb ofrojn\u00eb dhe p\u00ebr qeverisjen e tyre n\u00eb nivel komb\u00ebtar dhe lokal.<\/td>\n<td style=\"min-width: 50px;\">1451724<\/td>\n<td style=\"min-width: 50px;\">EUR<\/td>\n<td style=\"min-width: 50px;\">24-12-2019<\/td>\n<td style=\"min-width: 50px;\">24-12-2022<\/td>\n<\/tr>\n<tr>\n<td style=\"min-width: 50px;\">2019<\/td>\n<td style=\"min-width: 50px;\">Partneriteti Justitia &#8211; p\u00ebrfshirja e standardeve evropiane n\u00eb sistemin gjyq\u00ebsor<\/td>\n<td style=\"min-width: 50px;\">Qeveria e Republik\u00ebs s\u00eb Maqedonis\u00eb s\u00eb Veriut<\/td>\n<td style=\"min-width: 50px;\">Forcimi i kapaciteteve t\u00eb organizatave t\u00eb shoq\u00ebris\u00eb civile dhe pal\u00ebve t\u00eb interesuara nga sektori gjyq\u00ebsor p\u00ebr pjes\u00ebmarrje n\u00eb procesin e reformave n\u00eb sektorin gjyq\u00ebsor p\u00ebrmes shk\u00ebmbimit t\u00eb p\u00ebrvojave, duke p\u00ebrfshir\u00eb edhe transferin e praktikave m\u00eb t\u00eb mira nga BE-ja; Mb\u00ebshtetje dhe promovim t\u00eb dialogut q\u00ebnj\u00ebsor p\u00ebr reforma n\u00eb sektorin gjyq\u00ebsor, mes organizatave t\u00eb shoq\u00ebris\u00eb civile, pal\u00ebve t\u00eb interesuara dhe qytetar\u00ebve , p\u00ebrmes p\u00ebrfaq\u00ebsimit t\u00eb politikave publike<\/td>\n<td style=\"min-width: 50px;\">599138<\/td>\n<td style=\"min-width: 50px;\">MKD<\/td>\n<td style=\"min-width: 50px;\">18-10-2019<\/td>\n<td style=\"min-width: 50px;\">18-06-2020<\/td>\n<\/tr>\n<tr>\n<td style=\"min-width: 50px;\">2019<\/td>\n<td style=\"min-width: 50px;\">Nxitja e pluralizmit politik dhe vlerave demokratike<\/td>\n<td style=\"min-width: 50px;\">Fondi nacional p\u00ebr demokraci<\/td>\n<td style=\"min-width: 50px;\">Projekti ka p\u00ebr q\u00ebllim t\u00eb nxit pjes\u00ebmarrjen e qytetar\u00ebve n\u00eb zhvillimin dhe avancimin e proceseve reformuese dhe demokratike n\u00eb shtet. Projekti \u00ebsht\u00eb i parapar\u00eb si vazhdim i projektit aktual nga NED q\u00eb EPI implementon n\u00eb bashk\u00ebpunim me Universitetin Stanford t\u00eb quajtur &#8220;AKT &#8211; Aksion Aktiv Qytetar&#8221;. Duke par\u00eb rezultatet nga projekti aktual dhe p\u00ebrmes testimit t\u00eb faktor\u00ebve q\u00eb e leht\u00ebsojn\u00eb apo e v\u00ebshtir\u00ebsojn\u00eb konsolidimin demokratik, ACTED do t\u00eb mund\u00ebson q\u00eb qytetar\u00ebt t&#8217;i shtjellojn\u00eb m\u00eb tej q\u00ebndrimet e tyre p\u00ebr tema specifike dhe t\u00eb kontribojn\u00eb n\u00eb p\u00ebrforcimin e proceseve reformuese n\u00eb shtet. Krahas k\u00ebsaj, aktivitetet dhe q\u00ebllimet jan\u00eb t\u00eb vendosura n\u00eb m\u00ebnyr\u00eb q\u00eb t\u00eb mund\u00ebsojn\u00eb pjes\u00ebmarrje inkluzive t\u00eb qytetar\u00ebve p\u00ebrmes ngjarjeve t\u00eb parashikuara p\u00ebr dialog p\u00ebr politika q\u00eb u mund\u00ebsojn\u00eb qytetar\u00ebve t\u00eb bisedojn\u00eb p\u00ebr q\u00ebndrimet e tyre, mendimet dhe sygjerimet p\u00ebr kahjen q\u00eb shteti duhet ta nd\u00ebrmerr p\u00ebr avancim t\u00eb gjendjes aktuale.<\/td>\n<td style=\"min-width: 50px;\">49000<\/td>\n<td style=\"min-width: 50px;\">USD<\/td>\n<td style=\"min-width: 50px;\">01-10-2019<\/td>\n<td style=\"min-width: 50px;\">30-09-2020<\/td>\n<\/tr>\n<tr>\n<td style=\"min-width: 50px;\">2019<\/td>\n<td style=\"min-width: 50px;\">P\u00ebr drejt\u00ebsi &#8211; Monitorimi i zbatimit t\u00eb Strategjis\u00eb p\u00ebr reforma n\u00eb gjyq\u00ebsor 2019-2022<\/td>\n<td style=\"min-width: 50px;\">Fondacioni shoq\u00ebri e hapur &#8211; Maqedoni<\/td>\n<td style=\"min-width: 50px;\">Q\u00ebllimi kryesor i proketit &#8220;P\u00ebr drejt\u00ebsi &#8211; Monitorimi i zbatimit t\u00eb Strategjis\u00eb p\u00ebr reforma n\u00eb gjyq\u00ebsor 2019-2022&#8221; \u00ebsht\u00eb t\u00eb zmadhon ndikimin e organizatave qytetare n\u00eb procesin e implementimit t\u00eb Strategjis\u00eb p\u00ebr reforma n\u00eb gjyq\u00ebsor (2017-2022) dhe t\u00eb p\u00ebrmir\u00ebson pavar\u00ebsin\u00eb dhe paanshm\u00ebrin\u00eb e sistemit gjyq\u00ebsor<\/td>\n<td style=\"min-width: 50px;\">2160<\/td>\n<td style=\"min-width: 50px;\">USD<\/td>\n<td style=\"min-width: 50px;\">01-07-2019<\/td>\n<td style=\"min-width: 50px;\">29-02-2020<\/td>\n<\/tr>\n<tr>\n<td style=\"min-width: 50px;\">2019<\/td>\n<td style=\"min-width: 50px;\">Civil Society Support Facility &#8211; CSSF Macedonia<\/td>\n<td style=\"min-width: 50px;\">Civica Mobilitas &#8211; MCMS<\/td>\n<td style=\"min-width: 50px;\">Grant institucional nga programa Civica Mobilitas.<\/td>\n<td style=\"min-width: 50px;\">2933841<\/td>\n<td style=\"min-width: 50px;\">MKD<\/td>\n<td style=\"min-width: 50px;\">01-07-2019<\/td>\n<td style=\"min-width: 50px;\">30-06-2021<\/td>\n<\/tr>\n<tr>\n<td style=\"min-width: 50px;\">2019<\/td>\n<td style=\"min-width: 50px;\">Vler\u00ebsimi i efikasitetit t\u00eb trupave nacional t\u00eb pavarur p\u00ebr t\u00eb drejtat e njeriut<\/td>\n<td style=\"min-width: 50px;\">Civil Rights Defenders<\/td>\n<td style=\"min-width: 50px;\">Q\u00ebllimi i k\u00ebtij angazhmani \u00ebsht\u00eb vler\u00ebsimi dhe evaluimi i efikasitetit t\u00eb trupave nacional p\u00ebr t\u00eb drejtat e njeriut n\u00eb shtetet e Ballkanit Per\u00ebndimor dhe harmonizimi i tyre me standardet nd\u00ebrkomb\u00ebtare. Duke bashk\u00ebpunuar me Civil Rights Defenders, ekspert\u00ebt do t\u00eb zhvillojn\u00eb metodologji t\u00eb detajuar q\u00eb do t\u00eb mund\u00ebson evaluim t\u00eb kushteve egzistuese t\u00eb nevojshme p\u00ebr trupat nacional p\u00ebr t\u00eb drejtat e njeriut t\u00eb plot\u00ebsojn\u00eb misionin e tyre, si dhe t\u00eb vler\u00ebsojn\u00eb efikasitetin e tyre.<\/td>\n<td style=\"min-width: 50px;\">17400<\/td>\n<td style=\"min-width: 50px;\">EUR<\/td>\n<td style=\"min-width: 50px;\">28-06-2019<\/td>\n<td style=\"min-width: 50px;\">10-11-2019<\/td>\n<\/tr>\n<tr>\n<td style=\"min-width: 50px;\">2019<\/td>\n<td style=\"min-width: 50px;\">P\u00ebrforcimi i pjes\u00ebmarrjes qytetare n\u00eb procesin ligjv\u00ebn\u00ebs<\/td>\n<td style=\"min-width: 50px;\">Insituti Nacional Demokratik &#8211; NDI<\/td>\n<td style=\"min-width: 50px;\">Q\u00ebllimi i iniciativ\u00ebs &#8220;Riintegrim p\u00ebrmes qasjes s\u00eb drejt\u00eb deri tek t\u00eb drejtat&#8221;, q\u00eb e implementon EPI me ndihm\u00eb t\u00eb NDI, \u00ebsht\u00eb t\u00eb mund\u00ebsoj\u00eb riintegrim t\u00eb q\u00ebndruesh\u00ebm t\u00eb personave t\u00eb riatdhesuar. Kjo inicijativ\u00eb implementohet me q\u00ebllim t\u00eb p\u00ebrmir\u00ebsohet cil\u00ebsia e jet\u00ebs s\u00eb personave t\u00eb riatdhesuar nga kategorit\u00eb e c\u00ebnuara, t\u00eb kontribuoj\u00eb n\u00eb aderimin n\u00eb BE n\u00ebp\u00ebrmejt reformave shtes\u00eb t\u00eb politikave n\u00eb Kapitullin 23 dhe 24, si dhe t\u00eb p\u00ebrmir\u00ebson korniz\u00ebn ligjore lidhur me kontratat p\u00ebr readmisionim dhe persona t\u00eb riatdhesuar<\/td>\n<td style=\"min-width: 50px;\">267990<\/td>\n<td style=\"min-width: 50px;\">MKD<\/td>\n<td style=\"min-width: 50px;\">10-05-2019<\/td>\n<td style=\"min-width: 50px;\">30-09-2020<\/td>\n<\/tr>\n<tr>\n<td style=\"min-width: 50px;\">2019<\/td>\n<td style=\"min-width: 50px;\">Integrimi evropian i Ballkanit Per\u00ebndimor: Gjetja e drejtimit realist n\u00eb kushte t\u00eb cakut t\u00eb ndryshuesh\u00ebm<\/td>\n<td style=\"min-width: 50px;\">Fondi p\u00ebr Ballkanin Per\u00ebndimor<\/td>\n<td style=\"min-width: 50px;\">Ky pojekt ka p\u00ebr q\u00ebllim t\u00eb vler\u00ebson ndikimin e ngjarjeve t\u00eb vitit 2019 (Brexit, zgjedhjet evropiane) mbi perspektiv\u00ebn p\u00ebr integrim t\u00eb shteteve t\u00eb Ballkanit Per\u00ebndimor dhe t\u00eb kontribuoj\u00eb n\u00eb m\u00ebnyr\u00eb pozitive n\u00eb proces. Ky projekt bashkon tre organizata me p\u00ebrvoj\u00eb n\u00eb integrimet evropiane dhe do t\u00eb sjell\u00eb 3 dokumente p\u00ebr politik\u00eb t\u00eb cilat n\u00eb m\u00ebnyr\u00eb precize do t\u00eb vler\u00ebsojn\u00eb situat\u00ebn aktuale dhe pasojat e ardhshme. Do ti ndjekin zgjedhjet n\u00eb maj t\u00eb 2019 dhe narativin e hapave t\u00eb ardhshme t\u00eb Brexit. Rekomandimet do t\u00eb shpallen me q\u00ebllim t\u00eb kufizohet dhe t\u00eb zvog\u00eblohet ndikimi eventual negativ i k\u00ebtyre ngjarjeve<\/td>\n<td style=\"min-width: 50px;\">3300<\/td>\n<td style=\"min-width: 50px;\">EUR<\/td>\n<td style=\"min-width: 50px;\">01-05-2019<\/td>\n<td style=\"min-width: 50px;\">30-01-2020<\/td>\n<\/tr>\n<tr>\n<td style=\"min-width: 50px;\">2019<\/td>\n<td style=\"min-width: 50px;\">P\u00ebrgatitja e planig strategjik p\u00ebr mb\u00ebshtetje p\u00ebr reintegrim efektiv t\u00eb t\u00eb riatdhesuarve n\u00eb Maqedoni<\/td>\n<td style=\"min-width: 50px;\">Banka bot\u00ebrore<\/td>\n<td style=\"min-width: 50px;\">EPI ndihmoi Qeverin\u00eb e Maqedonis\u00eb t\u00eb mund\u00ebson ndihm\u00eb teknike Ministris\u00eb p\u00ebr pun\u00eb dhe politik\u00eb sociale n\u00eb zhvillimin e strategjis\u00eb shtet\u00ebrore &#8220;Strategjia p\u00ebr k\u00ebthim t\u00eb qytetar\u00ebve maqedonas n\u00eb pajtim me marr\u00ebveshjet p\u00ebr readmisim t\u00eb Bashkimit Evropian dhe Planit aksionar 2019-2023&#8221;<\/td>\n<td style=\"min-width: 50px;\">10800<\/td>\n<td style=\"min-width: 50px;\">EUR<\/td>\n<td style=\"min-width: 50px;\">13-02-2019<\/td>\n<td style=\"min-width: 50px;\">30-05-2019<\/td>\n<\/tr>\n<tr>\n<td style=\"min-width: 50px;\">2019<\/td>\n<td style=\"min-width: 50px;\">Europeanization Beyond Process &#8211; Think for Europe Network<\/td>\n<td style=\"min-width: 50px;\">Iniciativa Shoq\u00ebri e Hapur p\u00ebr Evrop\u00ebn<\/td>\n<td style=\"min-width: 50px;\">Rrjeti i think tanks &#8220;Think for Europe&#8221; dhe Qendrat p\u00ebr hulumtime politike evropiane n\u00eb Evrop\u00ebn Juglindore (TEN) planifikon t\u00eb p\u00ebrdor\u00eb k\u00ebt\u00eb grant me q\u00ebllim t\u00eb p\u00ebrmir\u00ebsojn\u00eb cil\u00ebsin\u00eb e komunikimit lidhur me zgjerimin e BE-s\u00eb n\u00eb kuad\u00ebr t\u00eb ridefinimit t\u00eb ardhsh\u00ebm t\u00eb Be-s\u00eb dhe ardhm\u00ebris\u00eb s\u00eb saj, duke fuqizuar kooperimin me think tanks t\u00eb njohura n\u00eb Evrop\u00eb. Ky projekt gjithashtu synon t\u00eb promovoj\u00eb pajtim n\u00eb Ballkanin Per\u00ebndimor dhe kontribuoj\u00eb n\u00eb integrimin e Baallkanit Per\u00ebndimor n\u00eb BE.<\/td>\n<td style=\"min-width: 50px;\">10100<\/td>\n<td style=\"min-width: 50px;\">USD<\/td>\n<td style=\"min-width: 50px;\">01-01-2019<\/td>\n<td style=\"min-width: 50px;\">31-12-2020<\/td>\n<\/tr>\n<tr>\n<td style=\"min-width: 50px;\">2019<\/td>\n<td style=\"min-width: 50px;\">Rrjeti evropian I ekspert\u00ebve juridik p\u00ebr barazi gjinore dhe jo diskriminim<\/td>\n<td style=\"min-width: 50px;\">Human European Consultancy (Tender p\u00ebr sh\u00ebrbime p\u00ebr Komisionin Evropian)<\/td>\n<td style=\"min-width: 50px;\">Ky rrjet punon n\u00eb ndjekjen e p\u00ebrshtatjes s\u00eb legjislacionit vendor p\u00ebr jodiskriminim dhe barazi gjinore me acquis t\u00eb BE-s\u00eb n\u00eb t\u00eb gjitha vendet an\u00ebtare t\u00eb BE-s\u00eb, EFTA shteteve dhe shteteve kandidate.<\/td>\n<td style=\"min-width: 50px;\">13160<\/td>\n<td style=\"min-width: 50px;\">EUR<\/td>\n<td style=\"min-width: 50px;\">01-01-2019<\/td>\n<td style=\"min-width: 50px;\">31-12-2019<\/td>\n<\/tr>\n<tr>\n<td style=\"min-width: 50px;\">2019<\/td>\n<td style=\"min-width: 50px;\">Europeanization Beyond Process<\/td>\n<td style=\"min-width: 50px;\">Iniciativa Shoq\u00ebri e Hapur p\u00ebr Evrop\u00ebn nga Fondacioni Shoq\u00ebri e Hapur, administruar nga OSF Sh\u00ebrbimet Berlin GmbH<\/td>\n<td style=\"min-width: 50px;\">Q\u00ebllimi i k\u00ebtij granti \u00ebsht\u00eb t\u00eb ndihmoj\u00eb Institutin p\u00ebr politik\u00eb evropiane &#8211; Shkup (EPI) t\u00eb lidh hulumtimet e veta t\u00eb Evropianizimit me sken\u00ebn nacionale me diskurset e BE-s\u00eb, t\u00eb nd\u00ebrtoj\u00eb agjend\u00eb t\u00eb q\u00ebndrueshmen\u00eb nivel nacional p\u00ebr integrimet n\u00eb BE dhe t\u00eb zhvilloj\u00eb rr\u00ebfime t\u00eb reja lidhur me zgjerimin n\u00eb Gjermani, Greqi, Bullgari dhe Holand\u00eb.<\/td>\n<td style=\"min-width: 50px;\">191592<\/td>\n<td style=\"min-width: 50px;\">USD<\/td>\n<td style=\"min-width: 50px;\">15-01-2019<\/td>\n<td style=\"min-width: 50px;\">15-01-2021<\/td>\n<\/tr>\n<tr>\n<td style=\"min-width: 50px; text-align: center; font-weight: bold; vertical-align: middle; background: #4998b7;\"><span style=\"color: #ffffff;\">Viti<\/span><\/td>\n<td style=\"min-width: 50px; text-align: center; font-weight: bold; vertical-align: middle; background: #4998b7;\"><span style=\"color: #ffffff;\">Emri<\/span><\/td>\n<td style=\"min-width: 50px; text-align: center; font-weight: bold; vertical-align: middle; background: #4998b7;\"><span style=\"color: #ffffff;\">Burimi<\/span><\/td>\n<td style=\"min-width: 50px; text-align: center; font-weight: bold; vertical-align: middle; background: #4998b7;\"><span style=\"color: #ffffff;\">P\u00ebrshkrim<\/span><\/td>\n<td style=\"min-width: 50px; text-align: center; font-weight: bold; vertical-align: middle; background: #4998b7;\"><span style=\"color: #ffffff;\">Shuma<\/span><\/td>\n<td style=\"min-width: 50px; text-align: center; font-weight: bold; vertical-align: middle; background: #4998b7;\"><span style=\"color: #ffffff;\">Valuta<\/span><\/td>\n<td style=\"min-width: 50px; text-align: center; font-weight: bold; vertical-align: middle; background: #4998b7;\"><span style=\"color: #ffffff;\">Koh\u00ebzgjatja prej<\/span><\/td>\n<td style=\"min-width: 50px; text-align: center; font-weight: bold; vertical-align: middle; background: #4998b7;\"><span style=\"color: #ffffff;\">Deri<\/span><\/td>\n<\/tr>\n<tr>\n<td style=\"min-width: 50px;\">2018<\/td>\n<td style=\"min-width: 50px;\">Bashk\u00ebpunimi Justitia: Rifitimi i besimit t\u00eb qytetar\u00ebve<\/td>\n<td style=\"min-width: 50px;\">Sektori p\u00ebr finansim q\u00ebndror dhe n\u00ebnshkrimit t\u00eb kontratave Ministria e finansave &#8211; Intrumentet p\u00ebr ndihm\u00eb para &#8211; aderuese (IPA II) 2014<\/td>\n<td style=\"min-width: 50px;\">Kontribut n\u00eb kthimin e besimit t\u00eb qytetar\u00ebve n\u00eb sistemin gjyq\u00ebsor p\u00ebrmes ky\u00e7jes s\u00eb shoq\u00ebris\u00eb civile n\u00eb reforma. Q\u00ebllimet specifike: 1. Sigurimi i ndjekjes s\u00eb strukturuar dhe kontribut gjithp\u00ebrfshir\u00ebs nga ana e shoq\u00ebris\u00eb civile n\u00eb implementimin e Strategjis\u00eb p\u00ebr reforma n\u00eb sistemin gjyq\u00ebsor. 2. P\u00ebrforcimi i kapaciteteve t\u00eb organizatave qytetare dhe pal\u00ebve t\u00eb interesuara nga sistemi gjyq\u00ebsor p\u00ebr pjes\u00ebmarrje n\u00eb procesin e reformave n\u00eb sistemin gjyq\u00ebsor p\u00ebrmes shk\u00ebmbimit t\u00eb p\u00ebrvojave, duke p\u00ebrfshir\u00eb edhe shk\u00ebmbimin e praktikave m\u00eb t\u00eb mira t\u00eb BE-s\u00eb. 3. Mb\u00ebshtetje dhe promovim t\u00eb dialogut p\u00ebr reforma n\u00eb sektorin gjyq\u00ebsor n\u00eb mes organizatave qytetare, pal\u00ebve t\u00eb interesuara dhe qytetar\u00ebve, n\u00ebp\u00ebrmjet p\u00ebrfaq\u00ebsimit t\u00eb politikave publike.<\/td>\n<td style=\"min-width: 50px;\">219804,18<\/td>\n<td style=\"min-width: 50px;\">EUR<\/td>\n<td style=\"min-width: 50px;\">21-12-2018<\/td>\n<td style=\"min-width: 50px;\">20-6-2021<\/td>\n<\/tr>\n<tr>\n<td style=\"min-width: 50px;\">2018<\/td>\n<td style=\"min-width: 50px;\">FRANET &#8211; Agjensioni i BE-s\u00eb p\u00ebr t\u00eb drejta themelore<\/td>\n<td style=\"min-width: 50px;\">Agjensioni i BE-s\u00eb p\u00ebr t\u00eb drejtat themelore<\/td>\n<td style=\"min-width: 50px;\">Agjensioni i Bashkimit Evropian p\u00ebr t\u00eb drejta themelore (Fundamental Rights Agency, FRA) zgjodhi Institutin p\u00ebr politik\u00eb evropiane \u2013 Shkup (EPI) p\u00ebr partner t\u00eb saj nga Maqedonia p\u00ebr implementim t\u00eb hulumtimeve lidhur me \u00e7\u00ebshtje nga komeptencat e saja. FRA \u00ebsht\u00eb nji nga agjensionet e decentralizuara t\u00eb Bashkimit Evropian si dhe \u00ebsht\u00eb qend\u00ebr p\u00ebr ekpsertiz\u00eb nga sfera e t\u00eb drejtave themelore t\u00eb Bashkimit Evropian. Synimi i k\u00ebtij agjensioni \u00ebsht\u00eb t\u00eb jap\u00eb mb\u00ebshtetje eksperte dhe k\u00ebshilla institucioneve t\u00eb Bashkimit Evropian dhe shteteve an\u00ebtare me q\u00ebllim q\u00eb t\u00eb siguroj\u00eb mbrojtje t\u00eb t\u00eb drejtave themelore t\u00eb t\u00eb gjith\u00eb qytetar\u00ebve q\u00eb jetojn\u00eb n\u00eb BE. Pjes\u00eb e temave kryesore n\u00eb t\u00eb cilat punon Agjensioni jan\u00eb: gjinia dhe barazia gjinore, LGBTIQ, Rom\u00ebt, persona me aft\u00ebsi t\u00eb kufizuara, raciz\u00ebm dhe jo toleranc\u00eb, krime t\u00eb urrejtjes, mbrojtje t\u00eb t\u00eb dh\u00ebnave, azil dhe migrime, qasje n\u00eb drejt\u00ebsi dhe t\u00eb drejtat e f\u00ebmij\u00ebve.<\/p>\n<p>Me k\u00ebt\u00eb, EPI b\u00ebhet pjes\u00eb e FRANET \u2013 rrjet hulumtues multidisciplinor i Agjensionit q\u00eb egziston q\u00eb nga viti 2011, n\u00eb t\u00eb cilin \u00ebsht\u00eb i ky\u00e7yr nj\u00eb partner hulumtues apo konzorcium prej secilit shtet an\u00ebtar t\u00eb Bashkimit Evropian, por q\u00eb nga ky vit ky rrjet u zgjerua edhe n\u00eb Maqedoni. FRANET p\u00ebrpunon studime tematike, raporte dhe njohtime t\u00eb shkurta lidhur me tema t\u00eb ndryshme nga sfera e t\u00eb drejtave themelore.<\/td>\n<td style=\"min-width: 50px;\">Maksimumi 250000<\/td>\n<td style=\"min-width: 50px;\">EUR<\/td>\n<td style=\"min-width: 50px;\">04-12-2018<\/td>\n<td style=\"min-width: 50px;\">04-12-2022<\/td>\n<\/tr>\n<tr>\n<td style=\"min-width: 50px;\">2018<\/td>\n<td style=\"min-width: 50px;\">\u201cIdentifikimi i dob\u00ebsive: Kush jan\u00eb imigrant\u00ebt e kthyer dhe n\u00eb \u00e7far\u00eb mase problemet e tyre dallojn\u00eb nga ato t\u00eb popullat\u00ebs s\u00eb \u201czakonshme\u201d?\u201d<\/td>\n<td style=\"min-width: 50px;\">Banka bot\u00ebrore<\/td>\n<td style=\"min-width: 50px;\">Q\u00ebllimi i projektit ishte t\u00eb hulumtohen aspekte shtes\u00eb t\u00eb dob\u00ebsive t\u00eb imigran\u00ebtve t\u00eb kthyer n\u00eb kuptimin se me \u00e7far\u00eb v\u00ebshtir\u00ebsi dhe sfida ballafaqohen me kthimin e tyre n\u00eb Republik\u00ebn e Maqedonis\u00eb dhe \u00e7far\u00eb plane kan\u00eb p\u00ebr t\u00eb ardhmen. P\u00ebrve\u00e7 imigrant\u00ebve t\u00eb kthyer t\u00eb komunitetit rom, fokusi ishte i vendosur edhe tek imigrant\u00ebt e kthyer t\u00eb komunitetit shqiptar. Hulumtimi p\u00ebrfshiu mbajtjen e fokus grupeve me imigrant t\u00eb kthyer, intervista me p\u00ebrfaq\u00ebsues t\u00eb organizatave nacionale dhe nd\u00ebrkomb\u00ebtare dhe p\u00ebrfaq\u00ebsues t\u00eb Ministris\u00eb p\u00ebr pun\u00eb t\u00eb mbrendshme dhe Ministris\u00eb p\u00ebr pun\u00eb dhe politik\u00eb sociale.<\/td>\n<td style=\"min-width: 50px;\">6450<\/td>\n<td style=\"min-width: 50px;\">USD<\/td>\n<td style=\"min-width: 50px;\">01-02-18<\/td>\n<td style=\"min-width: 50px;\">31-05-18<\/td>\n<\/tr>\n<tr>\n<td style=\"min-width: 50px;\">2018<\/td>\n<td style=\"min-width: 50px;\">Angazhimi i sektorit privat n\u00eb edukimin p\u00ebr sip\u00ebrmarr\u00ebsi<\/td>\n<td style=\"min-width: 50px;\">Qendra p\u00ebr sip\u00ebrmarr\u00ebsi private nd\u00ebrkomb\u00ebtare (CIPE)<\/td>\n<td style=\"min-width: 50px;\">Q\u00ebllimi i projektit \u201cAngazhimi i sektorit privat n\u00eb edukimin p\u00ebr sip\u00ebrmarr\u00ebsi\u201d \u00ebsht\u00eb t\u00eb rritet kapaciteti i t\u00eb rinj\u00ebve nga Maqedonia t\u00eb ky\u00e7en n\u00eb sip\u00ebrmarr\u00ebsi, t\u00eb rritet roli i sektorit privat n\u00eb edukimin p\u00ebr sip\u00ebrmarr\u00ebsi dhe t\u00eb rritet mb\u00ebshtetja e politikave q\u00eb p\u00ebrmir\u00ebsojn\u00eb kushtet ekonomike p\u00ebr t\u00eb rinjt\u00eb n\u00eb shtet. N\u00eb suaza t\u00eb projektit p\u00ebrgatitet hulumtim p\u00ebr mund\u00ebsit\u00eb dhe barierat e sip\u00ebrmarr\u00ebsis\u00eb, pun\u00ebsimi n\u00eb sektorin privat duke p\u00ebrfshir\u00eb edhe finanisimin e bizneseve t\u00eb reja. N\u00eb suaza t\u00eb projektit gjithashtu p\u00ebrgatitet edhe podcast i quajtur \u201cSkills that pay the bills\u201d, program\u00eb edukative, kampanj\u00eb p\u00ebr ngritjen e vet\u00ebdijes dhe p\u00ebrfaq\u00ebsim dhe hulumtim p\u00ebr mund\u00ebsit\u00eb gjat\u00eb pun\u00ebsimit.<\/td>\n<td style=\"min-width: 50px;\">21111,34<\/td>\n<td style=\"min-width: 50px;\">USD<\/td>\n<td style=\"min-width: 50px;\">01-7-2018<\/td>\n<td style=\"min-width: 50px;\">30-6-2019<\/td>\n<\/tr>\n<tr>\n<td style=\"min-width: 50px;\">2018<\/td>\n<td style=\"min-width: 50px;\">Debata nacionale demokratike &#8211; promovimi i tranzicionit t\u00eb suksessh\u00ebm demokratik n\u00eb Maqedoni<\/td>\n<td style=\"min-width: 50px;\">Fondi nacional p\u00ebr demokraci<\/td>\n<td style=\"min-width: 50px;\">Objektivi i p\u00ebrgjithsh\u00ebm i projektit \u00ebsht\u00eb mund\u00ebsimi i debatit komb\u00ebtar demokratik, duke nxitur konsolidimin demokratik t\u00eb bazuar n\u00eb vlera n\u00eb Maqedoni. Objektivat specifike jan\u00eb si m\u00eb posht\u00eb:<br \/>\nSO1: Rritja e p\u00ebrfshirjes s\u00eb t\u00eb gjith\u00eb aktor\u00ebve politik\u00eb n\u00eb proceset e demokratizimit t\u00eb vendit p\u00ebrmes nj\u00eb mostre p\u00ebrfaq\u00ebsuese n\u00eb nj\u00eb debat publik inovativ n\u00ebp\u00ebrmjet anketimit deliberativ mbi gjendjen e demokracis\u00eb n\u00eb vend;<br \/>\nSO2: Duke analizuar n\u00ebse nj\u00eb diskutim publik dhe gjith\u00ebp\u00ebrfshir\u00ebs kontribuon n\u00eb ndryshimet e perceptimeve dhe opinioneve t\u00eb qytetar\u00ebve mbi demokracin\u00eb; dhe<br \/>\nSO3: Nd\u00ebrgjegj\u00ebsimi i t\u00eb gjith\u00eb aktor\u00ebve politik\u00eb n\u00eb proces (qytetar\u00eb, ekspert\u00eb, politikan\u00eb) p\u00ebr r\u00ebnd\u00ebsin\u00eb e diskutimit publik, p\u00ebrfshir\u00ebs dhe objektiv t\u00eb shtetit dhe drejtimit t\u00eb demokracis\u00eb n\u00eb vend.<\/td>\n<td style=\"min-width: 50px;\">61435<\/td>\n<td style=\"min-width: 50px;\">USD<\/td>\n<td style=\"min-width: 50px;\">10-01-18<\/td>\n<td style=\"min-width: 50px;\">10-01-19<\/td>\n<\/tr>\n<tr>\n<td style=\"min-width: 50px;\">2018<\/td>\n<td style=\"min-width: 50px;\">Debata qytetare p\u00ebr NATO<\/td>\n<td style=\"min-width: 50px;\">Ministria e mbrojtes t\u00eb Republik\u00ebs s\u00eb Maqedonis\u00eb<\/td>\n<td style=\"min-width: 50px;\">Q\u00ebllimi i p\u00ebrgjithsh\u00ebm i projektit \u00ebsht\u00eb t\u00eb kontribuoj\u00eb kah aderimi n\u00eb NATO p\u00ebrmes debat\u00ebs s\u00eb bazuar n\u00eb fakte dhe argumente, q\u00eb do t\u00eb p\u00ebrmir\u00ebson kuptimin tek qytetar\u00ebt p\u00ebr an\u00ebtar\u00ebsimin e Republik\u00ebs s\u00eb Maqedonis\u00eb n\u00eb NATO.<\/td>\n<td style=\"min-width: 50px;\">399010<\/td>\n<td style=\"min-width: 50px;\">MKD<\/td>\n<td style=\"min-width: 50px;\">08-01-18<\/td>\n<td style=\"min-width: 50px;\">12-31-18<\/td>\n<\/tr>\n<tr>\n<td style=\"min-width: 50px;\">2018<\/td>\n<td style=\"min-width: 50px;\">Rrjet\u00ebsim p\u00ebr ndikim (NETWIT 23)<\/td>\n<td style=\"min-width: 50px;\">Fondi ballkanik p\u00ebr demokraci dhe Ambasada e Mbret\u00ebris\u00eb Norvegjeze n\u00eb Beograd<\/td>\n<td style=\"min-width: 50px;\">Q\u00ebllimi i p\u00ebrgjithhs\u00ebm i projektit \u00ebsht\u00eb t\u00eb kontribuoj\u00eb n\u00eb zmadhimin e ndikimit t\u00eb shoq\u00ebris\u00eb civile n\u00eb krijimin e politikave n\u00eb Kapitullin 23 \u2013 gjyq\u00ebsori dhe t\u00eb drejtat themelore, n\u00eb kontekst t\u00eb integrimit evropian.<\/td>\n<td style=\"min-width: 50px;\">41682<\/td>\n<td style=\"min-width: 50px;\">EUR<\/td>\n<td style=\"min-width: 50px;\">05-15-18<\/td>\n<td style=\"min-width: 50px;\">05-15-19<\/td>\n<\/tr>\n<tr>\n<td style=\"min-width: 50px;\">2018<\/td>\n<td style=\"min-width: 50px;\">Zbatimi i VNR-s\u00eb mbi Ligjin p\u00ebr gjykata<\/td>\n<td style=\"min-width: 50px;\">Instituti p\u00ebr demokraci \u201cSocietas Civilis\u201d Shkup (IDSCS)<\/td>\n<td style=\"min-width: 50px;\">Q\u00ebllimi i projektit \u00ebsht\u00eb t\u00eb avancohet zbatimi i vler\u00ebsimit t\u00eb ndikimit t\u00eb rregullativ\u00ebs (VNR) n\u00eb korpusin e ligjeve q\u00eb dalin nga Reformat n\u00eb gjyq\u00ebsorin n\u00eb Republik\u00eb e Maqedonis\u00eb. &#8211; T\u00eb njihet dobia e VNR-s\u00eb n\u00eb procesin e vendimmarrjes dhe t\u00eb avancohet cil\u00ebsia e procesit t\u00eb vendimmarrjes t\u00eb bazuar n\u00eb fakte dhe hulumtime.<\/td>\n<td style=\"min-width: 50px;\">9991<\/td>\n<td style=\"min-width: 50px;\">EUR<\/td>\n<td style=\"min-width: 50px;\">01-01-18<\/td>\n<td style=\"min-width: 50px;\">12-31-18<\/td>\n<\/tr>\n<tr>\n<td style=\"min-width: 50px; text-align: center; font-weight: bold; vertical-align: middle; background: #4998b7;\"><span style=\"color: #ffffff;\">Viti<\/span><\/td>\n<td style=\"min-width: 50px; text-align: center; font-weight: bold; vertical-align: middle; background: #4998b7;\"><span style=\"color: #ffffff;\">Emri<\/span><\/td>\n<td style=\"min-width: 50px; text-align: center; font-weight: bold; vertical-align: middle; background: #4998b7;\"><span style=\"color: #ffffff;\">Burimi<\/span><\/td>\n<td style=\"min-width: 50px; text-align: center; font-weight: bold; vertical-align: middle; background: #4998b7;\"><span style=\"color: #ffffff;\">P\u00ebrshkrim<\/span><\/td>\n<td style=\"min-width: 50px; text-align: center; font-weight: bold; vertical-align: middle; background: #4998b7;\"><span style=\"color: #ffffff;\">Shuma<\/span><\/td>\n<td style=\"min-width: 50px; text-align: center; font-weight: bold; vertical-align: middle; background: #4998b7;\"><span style=\"color: #ffffff;\">Valuta<\/span><\/td>\n<td style=\"min-width: 50px; text-align: center; font-weight: bold; vertical-align: middle; background: #4998b7;\"><span style=\"color: #ffffff;\">Koh\u00ebzgjatja prej<\/span><\/td>\n<td style=\"min-width: 50px; text-align: center; font-weight: bold; vertical-align: middle; background: #4998b7;\"><span style=\"color: #ffffff;\">Deri<\/span><\/td>\n<\/tr>\n<tr>\n<td style=\"min-width: 50px;\">2017<\/td>\n<td style=\"min-width: 50px;\">T\u00eb drejta sociale p\u00ebr grupet n\u00eb nevoj\u00eb (SoRi)<\/td>\n<td style=\"min-width: 50px;\">Deutsche Gesellschaft f\u00fcr Internationale Zusammenarbeit (GIZ) GmbH<\/td>\n<td style=\"min-width: 50px;\">Q\u00ebllimi i projektit rajonal SoRi \u00ebsht\u00eb p\u00ebrmir\u00ebsimi i kushteve p\u00ebr sigurimin e t\u00eb drejtave t\u00eb barabarta sociale p\u00ebr grupet n\u00eb nevoj\u00eb n\u00eb komunat e p\u00ebrzgjedhura n\u00eb Ballkanin Per\u00ebndimor. Institucionet primare shtet\u00ebrore, t\u00eb cilat jan\u00eb subjekte t\u00eb obliguara p\u00ebr t\u00eb garantuar t\u00eb drejtat e njeriut dhe sh\u00ebrbimet sociale, por edhe organizatat joqeveritare (OJQ) q\u00eb ofrojn\u00eb sh\u00ebrbime, jan\u00eb p\u00ebrqendruar n\u00eb qasjen e t\u00eb drejtave t\u00eb njeriut t\u00eb projektit. Kapaciteti i tyre (kapacitetet individuale t\u00eb punonj\u00ebsve dhe kapacitetet organizative t\u00eb institucioneve) duhet t\u00eb forcohen me k\u00ebt\u00eb projekt<\/td>\n<td style=\"min-width: 50px;\">450000<\/td>\n<td style=\"min-width: 50px;\">MKD<\/td>\n<td style=\"min-width: 50px;\">25-09-17<\/td>\n<td style=\"min-width: 50px;\">15-07-19<\/td>\n<\/tr>\n<tr>\n<td style=\"min-width: 50px;\">2017<\/td>\n<td style=\"min-width: 50px;\">Efektet e instrumenteve nga procesi p\u00ebr stabilizim dhe asocijim mbi integrimin evropian dhe bashk\u00ebpunimin rajonal n\u00eb BP6<\/td>\n<td style=\"min-width: 50px;\">Ministria e pun\u00ebve t\u00eb jashtme t\u00eb R.F. t\u00eb Gjermanis\u00eb dhe Fondacionit shoq\u00ebri e hapur<\/td>\n<td style=\"min-width: 50px;\">Q\u00ebllimi i p\u00ebrgjithsh\u00ebm i projektit \u00ebsht\u00eb t\u00eb kontribuon n\u00eb integrimin evropian t\u00eb Ballkanit Per\u00ebndimor, p\u00ebrmes p\u00ebrmir\u00ebsimit t\u00eb instrumenteve p\u00ebr zgjerim m\u00eb efektiv t\u00eb BE-s\u00eb.<\/td>\n<td style=\"min-width: 50px;\">7500<\/td>\n<td style=\"min-width: 50px;\">EUR<\/td>\n<td style=\"min-width: 50px;\">09-01-17<\/td>\n<td style=\"min-width: 50px;\">12-31-18<\/td>\n<\/tr>\n<tr>\n<td style=\"min-width: 50px;\">2017<\/td>\n<td style=\"min-width: 50px;\">Aksion i p\u00ebrbashk\u00ebt p\u00ebr reforma urgjente n\u00eb gjyq\u00ebsor<\/td>\n<td style=\"min-width: 50px;\">Fondacioni shoq\u00ebri e hapur &#8211; Maqedoni<\/td>\n<td style=\"min-width: 50px;\">Q\u00ebllimi i p\u00ebrgjithsh\u00ebm i projektit \u00ebsht\u00eb forcimi i transparenc\u00ebs, llogari dh\u00ebnies dhe profesionalizmit n\u00eb organet e gjyq\u00ebsorit. Q\u00ebllime specifike:<br \/>\n&#8211; Forcimi i monitoringut t\u00eb strukturuar mbi realizimin e reformave urgjente prioritare (RUP);<br \/>\n&#8211; Avancimi i debat\u00ebs publike p\u00ebr implementimin e RUP n\u00eb gjyq\u00ebsor, p\u00ebrmes p\u00ebrfaq\u00ebsimit qytetar.<\/td>\n<td style=\"min-width: 50px;\">4530<\/td>\n<td style=\"min-width: 50px;\">USD<\/td>\n<td style=\"min-width: 50px;\">07-01-17<\/td>\n<td style=\"min-width: 50px;\">06-30-18<\/td>\n<\/tr>\n<tr>\n<td style=\"min-width: 50px;\">2017<\/td>\n<td style=\"min-width: 50px;\">Nxitja e riintegimit t\u00eb q\u00ebndruesh\u00ebm t\u00eb Rom\u00ebve t\u00eb rikthyer n\u00eb Maqedoni<\/td>\n<td style=\"min-width: 50px;\">Think Tank Fund dhe Zyr\u00ebs p\u00ebr inicijativa rome p\u00ebrbrenda Fondacionit Shoq\u00ebri e hapur<\/td>\n<td style=\"min-width: 50px;\">Projekti do t\u00eb fokusohet n\u00eb politikat dhe praktikat t\u00eb cilat u referohen Rom\u00ebve t\u00eb rikthyer si dhe nevojat e tyre. Problemet n\u00eb lidhje me riintegrimin e Rom\u00ebve t\u00eb rikthyer n\u00eb Maqedoni do t\u00eb hulumtohen p\u00ebrmes bashk\u00ebpun\u00ebtor\u00ebve lokal nga pes\u00eb komuna t\u00eb p\u00ebrzgjedhura, t\u00eb cil\u00ebt do t\u00eb punojn\u00eb me familjet e t\u00eb rikthyer\u00ebve. Familjet e t\u00eb rikthyer\u00ebve n\u00eb fund do t\u00eb marrin trajnime t\u00eb nevojshme p\u00ebr fitim t\u00eb aft\u00ebsive q\u00eb do t\u2019ju ndihmojn\u00eb n\u00eb pun\u00ebsimet e tyre t\u00eb ardhshme.<\/td>\n<td style=\"min-width: 50px;\">67176.20<\/td>\n<td style=\"min-width: 50px;\">USD<\/td>\n<td style=\"min-width: 50px;\">01-01-17<\/td>\n<td style=\"min-width: 50px;\">12-31-17<\/td>\n<\/tr>\n<tr>\n<td style=\"min-width: 50px;\">2017<\/td>\n<td style=\"min-width: 50px;\">Efektiviteti i mekanizmit vler\u00ebsues n\u00eb kuad\u00ebr t\u00eb Integrimit Evropian \u2013 BENCHER<\/td>\n<td style=\"min-width: 50px;\">Fondi Evropian p\u00ebr Ballkanin<\/td>\n<td style=\"min-width: 50px;\">Q\u00ebllimi i k\u00ebtij projekti \u00ebsht\u00eb ta shqyrtoj\u00eb efektivitetin e mekanizmit vler\u00ebsuese t\u00eb UE \u2013 s\u00eb p\u00ebr Ballkanin Per\u00ebndimor dhe t\u00eb kontribuoj\u00eb n\u00eb p\u00ebrmir\u00ebsimin e k\u00ebtij mekanizmi si nj\u00eb shtys\u00eb p\u00ebr reformat n\u00eb kuad\u00ebr t\u00eb integrimit n\u00eb UE.<\/td>\n<td style=\"min-width: 50px;\">8613<\/td>\n<td style=\"min-width: 50px;\">EUR<\/td>\n<td style=\"min-width: 50px;\">01-01-17<\/td>\n<td style=\"min-width: 50px;\">12-31-17<\/td>\n<\/tr>\n<tr>\n<td style=\"min-width: 50px; text-align: center; font-weight: bold; vertical-align: middle; background: #4998b7;\"><span style=\"color: #ffffff;\">Viti<\/span><\/td>\n<td style=\"min-width: 50px; text-align: center; font-weight: bold; vertical-align: middle; background: #4998b7;\"><span style=\"color: #ffffff;\">Emri<\/span><\/td>\n<td style=\"min-width: 50px; text-align: center; font-weight: bold; vertical-align: middle; background: #4998b7;\"><span style=\"color: #ffffff;\">Burimi<\/span><\/td>\n<td style=\"min-width: 50px; text-align: center; font-weight: bold; vertical-align: middle; background: #4998b7;\"><span style=\"color: #ffffff;\">P\u00ebrshkrim<\/span><\/td>\n<td style=\"min-width: 50px; text-align: center; font-weight: bold; vertical-align: middle; background: #4998b7;\"><span style=\"color: #ffffff;\">Shuma<\/span><\/td>\n<td style=\"min-width: 50px; text-align: center; font-weight: bold; vertical-align: middle; background: #4998b7;\"><span style=\"color: #ffffff;\">Valuta<\/span><\/td>\n<td style=\"min-width: 50px; text-align: center; font-weight: bold; vertical-align: middle; background: #4998b7;\"><span style=\"color: #ffffff;\">Koh\u00ebzgjatja prej<\/span><\/td>\n<td style=\"min-width: 50px; text-align: center; font-weight: bold; vertical-align: middle; background: #4998b7;\"><span style=\"color: #ffffff;\">Deri<\/span><\/td>\n<\/tr>\n<tr>\n<td style=\"min-width: 50px;\">2016<\/td>\n<td style=\"min-width: 50px;\">Debati komb\u00ebtar i BE<\/td>\n<td style=\"min-width: 50px;\">Civica Mobilitas<\/td>\n<td style=\"min-width: 50px;\">Kontribut p\u00ebr p\u00ebrforcim t\u00eb kultur\u00ebs s\u00eb debatit publik n\u00eb Republik\u00ebn e Maqedonis\u00eb<\/td>\n<td style=\"min-width: 50px;\">1991096<\/td>\n<td style=\"min-width: 50px;\">MKD<\/td>\n<td style=\"min-width: 50px;\">07-01-16<\/td>\n<td style=\"min-width: 50px;\">03-31-17<\/td>\n<\/tr>\n<tr>\n<td style=\"min-width: 50px;\">2016<\/td>\n<td style=\"min-width: 50px;\">Drejt\u00ebsi: P\u00ebrparim p\u00ebr ritje t\u00eb monitorit &#8211; Gjykim<\/td>\n<td style=\"min-width: 50px;\">RCC &#8211; K\u00ebshilli p\u00ebr Bashk\u00ebpunim Regjional<\/td>\n<td style=\"min-width: 50px;\">Q\u00ebllimi i projektit \u00ebsht\u00eb t\u00eb kontribuoj\u00eb p\u00ebr vendosje t\u00eb mekanizmave t\u00eb OJ p\u00ebr monitorim t\u00eb p\u00ebrmbushjes t\u00eb indikator\u00ebve nga strategjia SEE2020 p\u00ebr Qeverisje t\u00eb ritjes t\u00eb shtyll\u00ebs.<\/td>\n<td style=\"min-width: 50px;\">44000<\/td>\n<td style=\"min-width: 50px;\">EUR<\/td>\n<td style=\"min-width: 50px;\">07-10-16<\/td>\n<td style=\"min-width: 50px;\">12-31-16<\/td>\n<\/tr>\n<tr>\n<td style=\"min-width: 50px;\">2016<\/td>\n<td style=\"min-width: 50px;\">Nd\u00ebrtimi i gjenerat\u00ebs s\u00eb re t\u00eb lider\u00ebve<\/td>\n<td style=\"min-width: 50px;\">Qendra p\u00ebr sip\u00ebrmarje privat nd\u00ebrkomb\u00ebtar\u00eb (CIPE)<\/td>\n<td style=\"min-width: 50px;\">T\u00eb angazhohen n\u00eb grupin kryesor i lider\u00ebve t\u00eb rinj\u00eb t\u00eb Maqedonis\u00eb n\u00eb pjes\u00ebmarjen ciile dhe veprimtarin\u00eb sip\u00ebrmar\u00ebse dhe ritje e informimite p\u00ebr diskursin publik e \u00e7\u00ebshtjeve ky\u00e7\u00ebse demokratike dhe ekonomike. CIPE do t\u00eb jet\u00eb partner e Forumit Arsimor Rinor dhe e Institutit p\u00ebr politik\u00eb europiane p\u00ebr t\u00eb zbatuar nj\u00eb program t\u00eb plot\u00eb t\u00eb lidershipit p\u00ebr t\u00eb nd\u00ebrtuar nj\u00eb brez t\u00eb sip\u00ebrmar\u00ebsve t\u00eb rinj dhe lider\u00ebve qytetar\u00eb. CIPE dhe partner\u00ebt e saj\u00eb do t\u00eb p\u00ebrkrahin bashk\u00ebpun\u00ebtor\u00ebt e t\u00eb rinj\u00ebve p\u00ebr t\u00eb hulumtuar faktor\u00ebt institucional t\u00eb cilat kontribuojn\u00eb p\u00ebr papun\u00ebsin\u00eb e t\u00eb rinj\u00ebve dhe p\u00ebrjashtimit nga proqeset politik\u00ebb\u00ebr\u00ebse dhe ndarje t\u00eb gjetjeve t\u00eb pal\u00ebve t\u00eb interesit n\u00eb nj\u00eb tryez\u00eb t\u00eb rrumbullak\u00ebt dhe n\u00ebp\u00ebrmjet mediave t\u00eb reja.<\/td>\n<td style=\"min-width: 50px;\">88640<\/td>\n<td style=\"min-width: 50px;\">USD<\/td>\n<td style=\"min-width: 50px;\">07-01-16<\/td>\n<td style=\"min-width: 50px;\">07-01-17<\/td>\n<\/tr>\n<tr>\n<td style=\"min-width: 50px;\">2016<\/td>\n<td style=\"min-width: 50px;\">Kujdes p\u00ebr kujdestar\u00ebt: Analiz\u00eb e politikave e sigurimit t\u00eb kujdesit joformal n\u00eb Republik\u00ebn e Maqedonis\u00eb dhe Bosnj\u00eb dhe Hercegovin\u00eb<\/td>\n<td style=\"min-width: 50px;\">Programi Rajonal p\u00ebr promovim t\u00eb Hulumtimeve n\u00eb Ballkanin Per\u00ebndimor (RRPP)<\/td>\n<td style=\"min-width: 50px;\">Projekti \u00ebsht\u00eb p\u00ebrmir\u00ebsim i &#8220;(pa)barazis\u00eb t\u00eb mbrojtjes sociale: analiz\u00eb n\u00eb shum nivele intersekcionale n\u00eb asistimin e ndihm\u00ebs sociale &#8211; Studim komparativ&#8221;. Fokusohet n\u00eb kryerjen e analizave t\u00eb politikave joformale, kujdes afatgjat duke shikuar m\u00eb qart\u00eb n\u00eb kujdestar\u00ebt joformal.<\/td>\n<td style=\"min-width: 50px;\">19998<\/td>\n<td style=\"min-width: 50px;\">CHF<\/td>\n<td style=\"min-width: 50px;\">06-01-16<\/td>\n<td style=\"min-width: 50px;\">11-30-16<\/td>\n<\/tr>\n<tr>\n<td style=\"min-width: 50px;\">2016<\/td>\n<td style=\"min-width: 50px;\">Monitorimi i qeverisjes t\u00eb s\u00eb drejt\u00ebs n\u00eb Ballkanin per\u00ebndimor (MERLIN)<\/td>\n<td style=\"min-width: 50px;\">Fondi Europian p\u00ebr Ballkanin (EFB)<\/td>\n<td style=\"min-width: 50px;\">Q\u00ebllimi i projektit \u00ebsht\u00eb ngritja e mekanizmit koordinues p\u00ebr demokraci dhe qeverisjen e t\u00eb drejt\u00ebs t\u00eb pasqyruar n\u00ebp\u00ebrmjet implementimit t\u00eb Kapitullit 23 &#8211; Gjyq\u00ebsori dhe t\u00eb drejtat themelore dhe Kapitulli 24 &#8211; Drejt\u00ebsia, Lirija dhe Siguria n\u00eb Maqedoni, S\u00ebrbi dhe Mal t\u00eb zi.<\/td>\n<td style=\"min-width: 50px;\">29960<\/td>\n<td style=\"min-width: 50px;\">EUR<\/td>\n<td style=\"min-width: 50px;\">01-01-16<\/td>\n<td style=\"min-width: 50px;\">12-31-16<\/td>\n<\/tr>\n<tr>\n<td style=\"min-width: 50px;\">2016<\/td>\n<td style=\"min-width: 50px;\">Rrjeti 23 +<\/td>\n<td style=\"min-width: 50px;\">IPA komponenta p\u00ebr Shoq\u00ebri civile<\/td>\n<td style=\"min-width: 50px;\">Q\u00ebllimi specifik \u00ebsht\u00eb t\u00eb kontribuoj\u00eb n\u00eb instalimin e parimeve t\u00eb qeverisjes t\u00eb s\u00eb drejt\u00ebs, e pasqyruar p\u00ebrmes Kapitullit 23, n\u00eb Republik\u00ebn e Maqedonis\u00eb p\u00ebrmes nj\u00eb kontributi t\u00eb strukturuar nga Rrjeti 23+<\/td>\n<td style=\"min-width: 50px;\">313505<\/td>\n<td style=\"min-width: 50px;\">EUR<\/td>\n<td style=\"min-width: 50px;\">01-01-16<\/td>\n<td style=\"min-width: 50px;\">12-31-17<\/td>\n<\/tr>\n<tr>\n<td style=\"min-width: 50px; text-align: center; font-weight: bold; vertical-align: middle; background: #4998b7;\"><span style=\"color: #ffffff;\">Viti<\/span><\/td>\n<td style=\"min-width: 50px; text-align: center; font-weight: bold; vertical-align: middle; background: #4998b7;\"><span style=\"color: #ffffff;\">Emri<\/span><\/td>\n<td style=\"min-width: 50px; text-align: center; font-weight: bold; vertical-align: middle; background: #4998b7;\"><span style=\"color: #ffffff;\">Burimi<\/span><\/td>\n<td style=\"min-width: 50px; text-align: center; font-weight: bold; vertical-align: middle; background: #4998b7;\"><span style=\"color: #ffffff;\">P\u00ebrshkrim<\/span><\/td>\n<td style=\"min-width: 50px; text-align: center; font-weight: bold; vertical-align: middle; background: #4998b7;\"><span style=\"color: #ffffff;\">Shuma<\/span><\/td>\n<td style=\"min-width: 50px; text-align: center; font-weight: bold; vertical-align: middle; background: #4998b7;\"><span style=\"color: #ffffff;\">Valuta<\/span><\/td>\n<td style=\"min-width: 50px; text-align: center; font-weight: bold; vertical-align: middle; background: #4998b7;\"><span style=\"color: #ffffff;\">Koh\u00ebzgjatja prej<\/span><\/td>\n<td style=\"min-width: 50px; text-align: center; font-weight: bold; vertical-align: middle; background: #4998b7;\"><span style=\"color: #ffffff;\">Deri<\/span><\/td>\n<\/tr>\n<tr>\n<td style=\"min-width: 50px;\">2015<\/td>\n<td style=\"min-width: 50px;\">WeBER &#8211; Mund\u00ebsimi i Projekteve t\u00eb Ballkanit per\u00ebndimor t\u00eb projektit p\u00ebr monitorim t\u00eb shoq\u00ebris\u00eb civile t\u00eb Reform\u00ebs t\u00eb administrat\u00ebs publike<\/td>\n<td style=\"min-width: 50px;\">IPA Programi i shum\u00eb Shteteve<\/td>\n<td style=\"min-width: 50px;\">Q\u00ebllimi kryesor \u00ebsht\u00eb q\u00eb ta zmadhoj\u00eb relevanc\u00ebn dhe pjes\u00ebmarjen e kapaciteteve t\u00eb shoqatave qytetare (NGO) dhe mediave n\u00eb Ballkanin per\u00ebndimor, t\u00eb p\u00ebrfaq\u00ebsoj\u00eb p\u00ebr ndikim dhe dizajnim dhe implementim t\u00eb reformave n\u00eb administrat\u00ebn publike (PAR)<\/td>\n<td style=\"min-width: 50px;\">190000<\/td>\n<td style=\"min-width: 50px;\">EUR<\/td>\n<td style=\"min-width: 50px;\">12-15-15<\/td>\n<td style=\"min-width: 50px;\">12-15-18<\/td>\n<\/tr>\n<tr>\n<td style=\"min-width: 50px;\">2015<\/td>\n<td style=\"min-width: 50px;\">Lufta kund\u00ebr barierave p\u00ebr dalje t\u00eb Rom\u00ebve jasht kufij\u00ebve t\u00eb Maqedonis\u00eb<\/td>\n<td style=\"min-width: 50px;\">Fondacioni Inistuti shoq\u00ebria e Hapur ( FOSI )<\/td>\n<td style=\"min-width: 50px;\">Ky projekt do t\u00eb hulumtoj\u00eb se si proqesi i liberalizimit t\u00eb vizave, si instrument i europianizimit ka rezultuar me instalimin e politikave t\u00eb cilat kufizohet liria e l\u00ebvizjes s\u00eb Rom\u00ebve n\u00eb rastin e Maqedonis\u00eb<\/td>\n<td style=\"min-width: 50px;\">77970<\/td>\n<td style=\"min-width: 50px;\">USD<\/td>\n<td style=\"min-width: 50px;\">12-18-15<\/td>\n<td style=\"min-width: 50px;\">12-18-16<\/td>\n<\/tr>\n<tr>\n<td style=\"min-width: 50px;\">2015<\/td>\n<td style=\"min-width: 50px;\">Rrjeti 23: Monitori urgjent i reformave prioritare<\/td>\n<td style=\"min-width: 50px;\">Ambasada e Mbret\u00ebris\u00eb s\u00eb Holland\u00ebs<\/td>\n<td style=\"min-width: 50px;\">Objektivat e p\u00ebrgjithshme t\u00eb projektit jan\u00eb kontributi i monitorimit dhe p\u00ebrfaq\u00ebsimit t\u00eb Marr\u00ebveshtjes politike dhe Reformave urgjente prioritare t\u00eb Komisionit Europian, p\u00ebrmes zbatimit t\u00eb hyrjes n\u00eb Rrjetin 23.<\/td>\n<td style=\"min-width: 50px;\">17522<\/td>\n<td style=\"min-width: 50px;\">EUR<\/td>\n<td style=\"min-width: 50px;\">09-15-15<\/td>\n<td style=\"min-width: 50px;\">12-31-15<\/td>\n<\/tr>\n<tr>\n<td style=\"min-width: 50px;\">2015<\/td>\n<td style=\"min-width: 50px;\">Dialogje p\u00ebr vizion<\/td>\n<td style=\"min-width: 50px;\">Ambasada e Britanis\u00eb s\u00eb madhe &#8211; Shkup<\/td>\n<td style=\"min-width: 50px;\">Ritje t\u00eb dialogut mbi \u00e7\u00ebshtjet m\u00eb t\u00eb r\u00ebnd\u00ebsishme me t\u00eb cilat p\u00ebrballet shoq\u00ebria e Maqedonis\u00eb, n\u00ebp\u00ebrmjet argumenteve n\u00eb baz\u00eb t\u00eb politik\u00eb b\u00ebrjes.<\/td>\n<td style=\"min-width: 50px;\">99385<\/td>\n<td style=\"min-width: 50px;\">GBP<\/td>\n<td style=\"min-width: 50px;\">05-01-15<\/td>\n<td style=\"min-width: 50px;\">03-31-16<\/td>\n<\/tr>\n<tr>\n<td style=\"min-width: 50px;\">2015<\/td>\n<td style=\"min-width: 50px;\">P\u00ebrforcimi i Ogranizatave t\u00eb konsumator\u00ebve p\u00ebr sh\u00ebrbime m\u00eb t\u00eb mira komunale n\u00eb Europ\u00ebn Jug-lindore<\/td>\n<td style=\"min-width: 50px;\">Shoqata Gjermane p\u00ebr bashk\u00ebpunim nd\u00ebrkomb\u00ebtar (GIZ) GmbH<\/td>\n<td style=\"min-width: 50px;\">Q\u00ebllimi kryesor i projektit \u00ebsht\u00eb p\u00ebrforcimi i kapaciteteve t\u00eb shoqatave t\u00eb konsumator\u00ebve dhe trup\u00ebrave t\u00eb tjer\u00eb n\u00eb nivel lokal dhe nacional n\u00eb Europ\u00ebn Jug-lindore, ve\u00e7an\u00ebrisht n\u00eb kontekstin e integrimit europian. Projekti do ta p\u00ebrmirsoj\u00eb mbrojtjen e interesit t\u00eb konsumator\u00ebve dhe do ta rris\u00eb besimin e nd\u00ebrsjellt\u00eb n\u00eb mesin e p\u00ebrdoruesve dhe ofruesve dhe n\u00eb k\u00ebt\u00eb m\u00ebnyr\u00eb do t\u00eb kontribuojn\u00eb p\u00ebr t\u00eb p\u00ebrmirsuar cil\u00ebnisn\u00eb e sh\u00ebrbimeve.<\/td>\n<td style=\"min-width: 50px;\">59820<\/td>\n<td style=\"min-width: 50px;\">EUR<\/td>\n<td style=\"min-width: 50px;\">02-15-15<\/td>\n<td style=\"min-width: 50px;\">03-15-16<\/td>\n<\/tr>\n<tr>\n<td style=\"min-width: 50px;\">2015<\/td>\n<td style=\"min-width: 50px;\">P\u00ebrmir\u00ebsimi i kualitetit<\/td>\n<td style=\"min-width: 50px;\">Fondacioni i shoq\u00ebrive t\u00eb hapura &#8211; Fondi p\u00ebr laboratore hulumtuese (TTF)<\/td>\n<td style=\"min-width: 50px;\">Grant p\u00ebr zhvillimin organizativ<\/td>\n<td style=\"min-width: 50px;\">110277<\/td>\n<td style=\"min-width: 50px;\">USD<\/td>\n<td style=\"min-width: 50px;\">05-01-15<\/td>\n<td style=\"min-width: 50px;\">04-30-17<\/td>\n<\/tr>\n<tr>\n<td style=\"min-width: 50px;\">2015<\/td>\n<td style=\"min-width: 50px;\">Implementimi i parimit t\u00eb p\u00ebrfaq\u00ebsimit t\u00eb barabart\u00eb n\u00eb Maqedoni<\/td>\n<td style=\"min-width: 50px;\">USAID &#8211; Fondacioni Shoq\u00ebria e Hapur &#8211; Maqedoni<\/td>\n<td style=\"min-width: 50px;\">Q\u00ebllimi i projektit \u00ebsht\u00eb q\u00eb ta vler\u00ebsoj\u00eb zbatimin aktual t\u00eb parimit t\u00eb p\u00ebrfaq\u00ebsimit t\u00eb barabart\u00eb, q\u00eb del nga Mar\u00ebveshtja Korniz\u00eb e Ohrit, n\u00eb administrat\u00ebn publike t\u00eb Maqedonis\u00eb.<\/td>\n<td style=\"min-width: 50px;\">38682<\/td>\n<td style=\"min-width: 50px;\">USD<\/td>\n<td style=\"min-width: 50px;\">01-21-15<\/td>\n<td style=\"min-width: 50px;\">01-20-16<\/td>\n<\/tr>\n<tr>\n<td style=\"min-width: 50px;\">2015<\/td>\n<td style=\"min-width: 50px;\">Rrjeti 23<\/td>\n<td style=\"min-width: 50px;\">Ambasada e Mbret\u00ebris\u00eb s\u00eb Holland\u00ebs<\/td>\n<td style=\"min-width: 50px;\">Kontribut\u00eb finansiare n\u00eb implementimin e Rrjetit 23<\/td>\n<td style=\"min-width: 50px;\">38500<\/td>\n<td style=\"min-width: 50px;\">EUR<\/td>\n<td style=\"min-width: 50px;\">01-20-15<\/td>\n<td style=\"min-width: 50px;\">07-31-15<\/td>\n<\/tr>\n<tr>\n<td style=\"min-width: 50px; text-align: center; font-weight: bold; vertical-align: middle; background: #4998b7;\"><span style=\"color: #ffffff;\">Viti<\/span><\/td>\n<td style=\"min-width: 50px; text-align: center; font-weight: bold; vertical-align: middle; background: #4998b7;\"><span style=\"color: #ffffff;\">Emri<\/span><\/td>\n<td style=\"min-width: 50px; text-align: center; font-weight: bold; vertical-align: middle; background: #4998b7;\"><span style=\"color: #ffffff;\">Burimi<\/span><\/td>\n<td style=\"min-width: 50px; text-align: center; font-weight: bold; vertical-align: middle; background: #4998b7;\"><span style=\"color: #ffffff;\">P\u00ebrshkrim<\/span><\/td>\n<td style=\"min-width: 50px; text-align: center; font-weight: bold; vertical-align: middle; background: #4998b7;\"><span style=\"color: #ffffff;\">Shuma<\/span><\/td>\n<td style=\"min-width: 50px; text-align: center; font-weight: bold; vertical-align: middle; background: #4998b7;\"><span style=\"color: #ffffff;\">Valuta<\/span><\/td>\n<td style=\"min-width: 50px; text-align: center; font-weight: bold; vertical-align: middle; background: #4998b7;\"><span style=\"color: #ffffff;\">Koh\u00ebzgjatja prej<\/span><\/td>\n<td style=\"min-width: 50px; text-align: center; font-weight: bold; vertical-align: middle; background: #4998b7;\"><span style=\"color: #ffffff;\">Deri<\/span><\/td>\n<\/tr>\n<tr>\n<td style=\"min-width: 50px;\">2014<\/td>\n<td style=\"min-width: 50px;\">Revizioni i suksesit dhe vler\u00ebsimi politik: N\u00eb vija t\u00eb njejta paralele? Me Qendr\u00ebn p\u00ebr politika Europiane (CEP) nga Bellgradi si aplikues parashtrues, EPI dhe Instituti Alternativa nga Podgorica<\/td>\n<td style=\"min-width: 50px;\">Programi p\u00ebr promovim t\u00eb hulumtimeve regjionale (Agjencioni Zvicran p\u00ebr bashk\u00ebpunim &#8211; SDC)<\/td>\n<td style=\"min-width: 50px;\">Q\u00ebllimi i projektit \u00ebsht\u00eb t\u00eb analizohet mar\u00ebdh\u00ebnia e revizionit t\u00eb suksesit dhe vler\u00ebsimi i politikave b\u00ebhen konkludime mbi komplementaritetin e tyre dhe mund\u00ebsive t\u00eb p\u00ebrdorimit t\u00eb gjetjeve revizore, p\u00ebr p\u00ebrforcimim e vler\u00ebsimit politikave si pasoj\u00eb e avancimit t\u00eb cil\u00ebsis\u00eb t\u00eb hartimit t\u00eb politikave n\u00eb shtetet e konsorciumit<\/td>\n<td style=\"min-width: 50px;\">28805<\/td>\n<td style=\"min-width: 50px;\">CHF<\/td>\n<td style=\"min-width: 50px;\">08-01-14<\/td>\n<td style=\"min-width: 50px;\">07-31-15<\/td>\n<\/tr>\n<tr>\n<td style=\"min-width: 50px;\">2014<\/td>\n<td style=\"min-width: 50px;\">&#8220;(Pa)barazia n\u00eb mbrojtjen sociale: Analiz\u00eb intereskcionale n\u00eb shum nivele n\u00eb sigurimin e ndihm\u00ebs sociale &#8211; Hulumtim komparativ&#8221;<\/td>\n<td style=\"min-width: 50px;\">Programi p\u00ebr promovim t\u00eb hulumtimeve regjionale (Agjencioni Zvicran p\u00ebr bashk\u00ebpunim &#8211; SDC)<\/td>\n<td style=\"min-width: 50px;\">Hulumtim i intersekcioneve t\u00eb (pa)barazis\u00eb n\u00eb mbrojtjen sociale n\u00eb Bosnje dhe Hercegovin\u00eb dhe Maqedoni, edhe n\u00eb suaza t\u00eb nivelit simbolik, struktural dhe individual<\/td>\n<td style=\"min-width: 50px;\">67240<\/td>\n<td style=\"min-width: 50px;\">CHF<\/td>\n<td style=\"min-width: 50px;\">08-01-14<\/td>\n<td style=\"min-width: 50px;\">07-31-15<\/td>\n<\/tr>\n<tr>\n<td style=\"min-width: 50px;\">2014<\/td>\n<td style=\"min-width: 50px;\">Rrjeti 23<\/td>\n<td style=\"min-width: 50px;\">Delegacioni i UE-s\u00eb<\/td>\n<td style=\"min-width: 50px;\">Grant p\u00ebr krijimi i nj\u00eb rrjeti t\u00eb organizatave t\u00eb shoq\u00ebris\u00eb civile p\u00ebr monitorimin, vler\u00ebsimin dhe p\u00ebrfaq\u00ebsim t\u00eb politikave q\u00eb jan\u00eb parakusht p\u00ebr t\u00eb p\u00ebrmbushur prioritetet n\u00eb Kapitullin 23 &#8211; Gjyq\u00ebsori dhe t\u00eb drejtat themelore.<\/td>\n<td style=\"min-width: 50px;\">158858<\/td>\n<td style=\"min-width: 50px;\">EUR<\/td>\n<td style=\"min-width: 50px;\">04-30-14<\/td>\n<td style=\"min-width: 50px;\">07-31-15<\/td>\n<\/tr>\n<tr>\n<td style=\"min-width: 50px;\">2014<\/td>\n<td style=\"min-width: 50px;\">Eurozum (ko-aplikant)<\/td>\n<td style=\"min-width: 50px;\">Delegacioni i UE-s\u00eb<\/td>\n<td style=\"min-width: 50px;\">P\u00ebrgatitja dhe transmetimi i 24 epizodave (Eurozum) p\u00ebr procesin e negociimit dhe t\u00eb an\u00ebtar\u00ebsimit t\u00eb Republik\u00ebs s\u00eb Maqedonis\u00eb n\u00eb Unionin Evropian.<\/td>\n<td style=\"min-width: 50px;\">10000<\/td>\n<td style=\"min-width: 50px;\">EUR<\/td>\n<td style=\"min-width: 50px;\">01-15-14<\/td>\n<td style=\"min-width: 50px;\">01-15-15<\/td>\n<\/tr>\n<tr>\n<td style=\"min-width: 50px;\">2014<\/td>\n<td style=\"min-width: 50px;\">Analiza e organizatave t\u00eb shoq\u00ebris\u00eb civile n\u00eb aktivizimin e tyre shoq\u00ebror, marr\u00ebdh\u00ebniet e pun\u00ebs si dhe \u00e7\u00ebshtjet q\u00eb kan\u00eb t\u00eb b\u00ebjn\u00eb me mbrojtjen e t\u00eb drejtave t\u00eb njeriut dhe kapacitetin e tyre p\u00ebr t\u00eb p\u00ebrdorur fondet e UE<\/td>\n<td style=\"min-width: 50px;\">USAID &#8211; Fondacioni Shoqeria e hapur -Maqedoni<\/td>\n<td style=\"min-width: 50px;\">Grant I vogel per p\u00ebrgatitjen e nj\u00eb studimi kerkimor p\u00ebr finansimin e oragnizatave t\u00eb shoqeris\u00eb civile n\u00eb kuad\u00ebr t\u00eb IPA p\u00ebr realizimin e projekteve nga fusha e anti-diskriminimit<\/td>\n<td style=\"min-width: 50px;\">2400<\/td>\n<td style=\"min-width: 50px;\">USD<\/td>\n<td style=\"min-width: 50px;\">01-01-14<\/td>\n<td style=\"min-width: 50px;\">06-30-14<\/td>\n<\/tr>\n<tr>\n<td style=\"min-width: 50px; text-align: center; font-weight: bold; vertical-align: middle; background: #4998b7;\"><span style=\"color: #ffffff;\">Viti<\/span><\/td>\n<td style=\"min-width: 50px; text-align: center; font-weight: bold; vertical-align: middle; background: #4998b7;\"><span style=\"color: #ffffff;\">Emri<\/span><\/td>\n<td style=\"min-width: 50px; text-align: center; font-weight: bold; vertical-align: middle; background: #4998b7;\"><span style=\"color: #ffffff;\">Burimi<\/span><\/td>\n<td style=\"min-width: 50px; text-align: center; font-weight: bold; vertical-align: middle; background: #4998b7;\"><span style=\"color: #ffffff;\">P\u00ebrshkrim<\/span><\/td>\n<td style=\"min-width: 50px; text-align: center; font-weight: bold; vertical-align: middle; background: #4998b7;\"><span style=\"color: #ffffff;\">Shuma<\/span><\/td>\n<td style=\"min-width: 50px; text-align: center; font-weight: bold; vertical-align: middle; background: #4998b7;\"><span style=\"color: #ffffff;\">Valuta<\/span><\/td>\n<td style=\"min-width: 50px; text-align: center; font-weight: bold; vertical-align: middle; background: #4998b7;\"><span style=\"color: #ffffff;\">Koh\u00ebzgjatja prej<\/span><\/td>\n<td style=\"min-width: 50px; text-align: center; font-weight: bold; vertical-align: middle; background: #4998b7;\"><span style=\"color: #ffffff;\">Deri<\/span><\/td>\n<\/tr>\n<tr>\n<td style=\"min-width: 50px;\">2013<\/td>\n<td style=\"min-width: 50px;\">Forcimi i kontrollit parlamentar mbi shfryt\u00ebzimin e fondeve t\u00eb UE-s\u00eb ne Ballkanin Per\u00ebndimor<\/td>\n<td style=\"min-width: 50px;\">Fondacioni Westminister p\u00ebr demokraci (WFD)<\/td>\n<td style=\"min-width: 50px;\">Kontrate p\u00ebr p\u00ebrgatijen e nj\u00eb manuali p\u00ebr deputet\u00ebt dhe sh\u00ebrbimet parlamentare p\u00ebr vendet e Ballkanit Per\u00ebndimor p\u00ebr t\u00eb kuptuar konceptin e Instrumentit t\u00eb Ndihm\u00ebs s\u00eb Para-An\u00ebtar\u00ebsuese (IPA) dhe p\u00ebr t\u00eb inkurajuar p\u00ebrfshirjen e tyre n\u00eb ushtrimin e rolit mbik\u00ebqyr\u00ebs t\u00eb Parlamentit mbi IPA<\/td>\n<td style=\"min-width: 50px;\">7150<\/td>\n<td style=\"min-width: 50px;\">GBP<\/td>\n<td style=\"min-width: 50px;\">08-08-13<\/td>\n<td style=\"min-width: 50px;\">03-31-15<\/td>\n<\/tr>\n<tr>\n<td style=\"min-width: 50px;\">2013<\/td>\n<td style=\"min-width: 50px;\">EPI Grant<\/td>\n<td style=\"min-width: 50px;\">Fondacioni i shoq\u00ebrive t\u00eb hapura &#8211; fondi p\u00ebr laboratorit\u00eb hulumtuese (TTF)<\/td>\n<td style=\"min-width: 50px;\">Granti ka p\u00ebr q\u00ebllim t\u00eb siguroj\u00eb ngirtjen institucionale dhe organizative t\u00eb EPI-t, si dhe zhvillim t\u00eb aktiviteteve sipas Programit t\u00eb Institutit.<\/td>\n<td style=\"min-width: 50px;\">95000<\/td>\n<td style=\"min-width: 50px;\">USD<\/td>\n<td style=\"min-width: 50px;\">04-15-13<\/td>\n<td style=\"min-width: 50px;\">04-15-15<\/td>\n<\/tr>\n<tr>\n<td style=\"min-width: 50px;\">2013<\/td>\n<td style=\"min-width: 50px;\">Partneritet n\u00eb shfryt\u00ebzimin e fondeve t\u00eb UE-s\u00eb<\/td>\n<td style=\"min-width: 50px;\">USAID &#8211; fondacioni Shoq\u00ebria e hapur &#8211; Maqedoni<\/td>\n<td style=\"min-width: 50px;\">Grant I vogel per p\u00ebrgatitjen e nj\u00eb hulumtimi p\u00ebr dometh\u00ebnjen e principit t\u00eb partneritetit mes institucioneve shtet\u00ebrore dhe sektorit t\u00eb shoq\u00ebris\u00eb civile n\u00eb shfryt\u00ebzimin e fondve t\u00eb UE-s\u00eb.<\/td>\n<td style=\"min-width: 50px;\">2400<\/td>\n<td style=\"min-width: 50px;\">USD<\/td>\n<td style=\"min-width: 50px;\">02-01-13<\/td>\n<td style=\"min-width: 50px;\">07-31-13<\/td>\n<\/tr>\n<tr>\n<td style=\"min-width: 50px;\">2013<\/td>\n<td style=\"min-width: 50px;\">Aplikimi I njohurive p\u00ebr UE-n\u00eb<\/td>\n<td style=\"min-width: 50px;\">Ambasada e Mbret\u00ebris\u00eb s\u00eb Bashkuar<\/td>\n<td style=\"min-width: 50px;\">Projekt p\u00ebr krijimin e nj\u00eb rrjeti joformal t\u00eb ekspet\u00ebve nga Maqedonia t\u00eb cil\u00ebt i kan\u00eb mbaruar studimet e tyre pasdiplomike\/t\u00eb doktoratur\u00ebs jashta vendit n\u00eb politikat dhe legjislacionin e UE-s\u00eb<\/td>\n<td style=\"min-width: 50px;\">17000<\/td>\n<td style=\"min-width: 50px;\">GBP<\/td>\n<td style=\"min-width: 50px;\">02-01-13<\/td>\n<td style=\"min-width: 50px;\">04-30-13<\/td>\n<\/tr>\n<tr>\n<td style=\"min-width: 50px;\">2013<\/td>\n<td style=\"min-width: 50px;\">IPADATA<\/td>\n<td style=\"min-width: 50px;\">Fondi ballkanik p\u00ebr demokraci (BTD)<\/td>\n<td style=\"min-width: 50px;\">Q\u00ebllimi I projektit \u00ebsht\u00eb themelimi I nje mekanizmi t\u00eb pavarur dhe t\u00eb strukturuar p\u00ebr dokumentimin e t\u00eb gjitha t\u00eb dh\u00ebnave dhe proceseve q\u00eb kan\u00eb t\u00eb bejn\u00eb me realizimin e IPA fondeve n\u00eb Republik\u00ebn e Maqedonis\u00eb .<\/td>\n<td style=\"min-width: 50px;\">21000<\/td>\n<td style=\"min-width: 50px;\">USD<\/td>\n<td style=\"min-width: 50px;\">01-20-13<\/td>\n<td style=\"min-width: 50px;\">01-14-14<\/td>\n<\/tr>\n<tr>\n<td style=\"min-width: 50px; text-align: center; font-weight: bold; vertical-align: middle; background: #4998b7;\"><span style=\"color: #ffffff;\">Viti<\/span><\/td>\n<td style=\"min-width: 50px; text-align: center; font-weight: bold; vertical-align: middle; background: #4998b7;\"><span style=\"color: #ffffff;\">Emri<\/span><\/td>\n<td style=\"min-width: 50px; text-align: center; font-weight: bold; vertical-align: middle; background: #4998b7;\"><span style=\"color: #ffffff;\">Burimi<\/span><\/td>\n<td style=\"min-width: 50px; text-align: center; font-weight: bold; vertical-align: middle; background: #4998b7;\"><span style=\"color: #ffffff;\">P\u00ebrshkrim<\/span><\/td>\n<td style=\"min-width: 50px; text-align: center; font-weight: bold; vertical-align: middle; background: #4998b7;\"><span style=\"color: #ffffff;\">Shuma<\/span><\/td>\n<td style=\"min-width: 50px; text-align: center; font-weight: bold; vertical-align: middle; background: #4998b7;\"><span style=\"color: #ffffff;\">Valuta<\/span><\/td>\n<td style=\"min-width: 50px; text-align: center; font-weight: bold; vertical-align: middle; background: #4998b7;\"><span style=\"color: #ffffff;\">Koh\u00ebzgjatja prej<\/span><\/td>\n<td style=\"min-width: 50px; text-align: center; font-weight: bold; vertical-align: middle; background: #4998b7;\"><span style=\"color: #ffffff;\">Deri<\/span><\/td>\n<\/tr>\n<tr>\n<td style=\"min-width: 50px;\">2012<\/td>\n<td style=\"min-width: 50px;\">Administrata n\u00eb pasqyr\u00ebn e korniz\u00ebs europiane p\u00ebr vler\u00ebsim<\/td>\n<td style=\"min-width: 50px;\">Fondi Sllovak-Ballkanink p\u00ebr administrat\u00eb publike (fondacioni PONTIS)<\/td>\n<td style=\"min-width: 50px;\">Grant p\u00ebr studim k\u00ebrkimor p\u00ebr aplikimin e Korniz\u00ebs s\u00eb p\u00ebrbashk\u00ebt p\u00ebr vler\u00ebsim sispas shembullit t\u00eb Republik\u00ebs se Skllovakis\u00eb<\/td>\n<td style=\"min-width: 50px;\">4444<\/td>\n<td style=\"min-width: 50px;\">EUR<\/td>\n<td style=\"min-width: 50px;\">02-29-12<\/td>\n<td style=\"min-width: 50px;\">06-30-12<\/td>\n<\/tr>\n<tr>\n<td style=\"min-width: 50px;\">2012<\/td>\n<td style=\"min-width: 50px;\">Forcimi i kontrollit parlamentar mbi fondet e UE-s\u00eb<\/td>\n<td style=\"min-width: 50px;\">Fondi Europian p\u00ebr Ballkanin (EFB)<\/td>\n<td style=\"min-width: 50px;\">Grant n\u00eb kuad\u00ebr t\u00eb iniciativ\u00ebs rajonale Think and Link 2012 p\u00ebr studim k\u00ebrkimor p\u00ebr mekanizmat p\u00ebr forcimin e kontrollit parlamentar mbi fondet e UE-s\u00eb n\u00eb Maqedoni<\/td>\n<td style=\"min-width: 50px;\">15000<\/td>\n<td style=\"min-width: 50px;\">\u0415\u0423\u0420<\/td>\n<td style=\"min-width: 50px;\">05-01-13<\/td>\n<td style=\"min-width: 50px;\">03-15-13<\/td>\n<\/tr>\n<tr>\n<td style=\"min-width: 50px;\">2012<\/td>\n<td style=\"min-width: 50px;\">Monitorim i shfryt\u00ebzimit t\u00eb fondeve t\u00eb UE-s\u00eb n\u00eb Republik\u00ebn e Maqedonis\u00eb<\/td>\n<td style=\"min-width: 50px;\">Fondacioni Friedrich Ebert Stiftung (FES)<\/td>\n<td style=\"min-width: 50px;\">Projekt p\u00ebr studim k\u00ebrkimor p\u00ebr shfryt\u00ebzimin e fondeve t\u00eb UE-s\u00eb n\u00eb Maqedoni, si baz\u00eb p\u00ebr diskusion ne K\u00ebshillin nacional p\u00ebr eurointegrime; publikim dhe promocion I nj\u00eb p\u00ebrmbledhjeje studimesh<\/td>\n<td style=\"min-width: 50px;\">16184<\/td>\n<td style=\"min-width: 50px;\">EUR<\/td>\n<td style=\"min-width: 50px;\">04-01-12<\/td>\n<td style=\"min-width: 50px;\">11-30-13<\/td>\n<\/tr>\n<tr>\n<td style=\"min-width: 50px; text-align: center; font-weight: bold; vertical-align: middle; background: #4998b7;\"><span style=\"color: #ffffff;\">Viti<\/span><\/td>\n<td style=\"min-width: 50px; text-align: center; font-weight: bold; vertical-align: middle; background: #4998b7;\"><span style=\"color: #ffffff;\">Emri<\/span><\/td>\n<td style=\"min-width: 50px; text-align: center; font-weight: bold; vertical-align: middle; background: #4998b7;\"><span style=\"color: #ffffff;\">Burimi<\/span><\/td>\n<td style=\"min-width: 50px; text-align: center; font-weight: bold; vertical-align: middle; background: #4998b7;\"><span style=\"color: #ffffff;\">P\u00ebrshkrim<\/span><\/td>\n<td style=\"min-width: 50px; text-align: center; font-weight: bold; vertical-align: middle; background: #4998b7;\"><span style=\"color: #ffffff;\">Shuma<\/span><\/td>\n<td style=\"min-width: 50px; text-align: center; font-weight: bold; vertical-align: middle; background: #4998b7;\"><span style=\"color: #ffffff;\">Valuta<\/span><\/td>\n<td style=\"min-width: 50px; text-align: center; font-weight: bold; vertical-align: middle; background: #4998b7;\"><span style=\"color: #ffffff;\">Koh\u00ebzgjatja prej<\/span><\/td>\n<td style=\"min-width: 50px; text-align: center; font-weight: bold; vertical-align: middle; background: #4998b7;\"><span style=\"color: #ffffff;\">Deri<\/span><\/td>\n<\/tr>\n<tr>\n<td style=\"min-width: 50px;\">2011<\/td>\n<td style=\"min-width: 50px;\">P\u00ebrkrahje p\u00ebr p\u00ebrmir\u00ebsimin e implementimit t\u00eb medijacionit n\u00eb Republik\u00ebn e Maqedonis\u00eb<\/td>\n<td style=\"min-width: 50px;\">Ambasada e Mbret\u00ebris\u00eb s\u00eb Holand\u00ebs ne Shkup (MATRA)<\/td>\n<td style=\"min-width: 50px;\">Projekt p\u00ebr ndihm\u00eb teknike Ministris\u00eb s\u00eb drejt\u00ebsis\u00eb p\u00ebr p\u00ebrmir\u00ebsimin e implementimit t\u00eb medijacionit n\u00eb kontestet civile dhe tregtare me q\u00ebllim t\u00eb krijimit t\u00eb nj\u00eb ambienti normativ dhe institucional p\u00ebr zhvillim t\u00eb medijacionit n\u00eb Maqedoni<\/td>\n<td style=\"min-width: 50px;\">5663490<\/td>\n<td style=\"min-width: 50px;\">MKD<\/td>\n<td style=\"min-width: 50px;\">7.12.2011<\/td>\n<td style=\"min-width: 50px;\">7.07.2013<\/td>\n<\/tr>\n<tr>\n<td style=\"min-width: 50px;\">2011<\/td>\n<td style=\"min-width: 50px;\">EPI Grant<\/td>\n<td style=\"min-width: 50px;\">Fondacioni i shoq\u00ebrive t\u00eb hapura &#8211; Fondi p\u00ebr laboratore hulumtuese (TTF)<\/td>\n<td style=\"min-width: 50px;\">Granti ka p\u00ebr q\u00ebllim t\u00eb siguroj\u00eb ngirtjen institucionale dhe organizative t\u00eb EPI-t, si dhe zhvillim t\u00eb aktiviteteve sipas Programit t\u00eb Institutit.<\/td>\n<td style=\"min-width: 50px;\">40000<\/td>\n<td style=\"min-width: 50px;\">USD<\/td>\n<td style=\"min-width: 50px;\">1.11.2011<\/td>\n<td style=\"min-width: 50px;\">31.10.2012<\/td>\n<\/tr>\n<\/tbody>\n<\/table>\n<\/div>\n\n\t\t<\/div>\n\t<\/div>\n<\/div><\/div><\/div><\/div><div class=\"vc_row-full-width vc_clearfix\"><\/div>\n<\/div>","protected":false},"excerpt":{"rendered":"Viti Emri Burimi P\u00ebrshkrim Shuma Valuta Koh\u00ebzgjatja prej Deri 2020 \/ 2020 ND\u00cbRMJET\u00cbSONI, MOS DYSHONI Ambasada e Mbret\u00ebris\u00eb s\u00eb Holand\u00ebs n\u00eb Shkup T\u00eb kontribuoj\u00eb n\u00eb rritjen e p\u00ebrdorimit t\u00eb nd\u00ebrmjet\u00ebsimit si m\u00ebnyr\u00eb alternative p\u00ebr zgjidhje t\u00eb kontesteve. Q\u00ebllimet specifike: 1. Sigurim i informacionit t\u00eb bazuar n\u00eb prova p\u00ebr nd\u00ebrmjet\u00ebsimin si mjet p\u00ebr zgjidhje alternative t\u00eb [...]","protected":false},"author":1,"featured_media":0,"parent":0,"menu_order":0,"comment_status":"closed","ping_status":"closed","template":"page.php","meta":{"_acf_changed":false,"footnotes":""},"class_list":["post-8527","page","type-page","status-publish","hentry"],"acf":[],"yoast_head":"<!-- This site is optimized with the Yoast SEO plugin v24.4 - https:\/\/yoast.com\/wordpress\/plugins\/seo\/ -->\n<title>Donator\u00ebt - EPI<\/title>\n<meta name=\"robots\" content=\"index, follow, max-snippet:-1, max-image-preview:large, max-video-preview:-1\" \/>\n<link rel=\"canonical\" href=\"https:\/\/epi.org.mk\/sq\/\u0434\u043e\u043d\u0430\u0442\u043e\u0440\u0438\/\" \/>\n<meta property=\"og:locale\" content=\"mk_MK\" \/>\n<meta property=\"og:type\" content=\"article\" \/>\n<meta property=\"og:title\" content=\"Donator\u00ebt - EPI\" \/>\n<meta property=\"og:url\" content=\"https:\/\/epi.org.mk\/sq\/\u0434\u043e\u043d\u0430\u0442\u043e\u0440\u0438\/\" \/>\n<meta property=\"og:site_name\" content=\"EPI\" \/>\n<meta property=\"article:publisher\" content=\"https:\/\/www.facebook.com\/EPI.Skopje\/\" \/>\n<meta property=\"article:modified_time\" content=\"2021-08-09T13:50:10+00:00\" \/>\n<meta name=\"twitter:card\" content=\"summary_large_image\" \/>\n<meta name=\"twitter:site\" content=\"@epi_skopje\" \/>\n<meta name=\"twitter:label1\" content=\"Est. reading time\" \/>\n\t<meta name=\"twitter:data1\" content=\"25 minutes\" \/>\n<script type=\"application\/ld+json\" class=\"yoast-schema-graph\">{\"@context\":\"https:\/\/schema.org\",\"@graph\":[{\"@type\":\"WebPage\",\"@id\":\"https:\/\/epi.org.mk\/%d0%b4%d0%be%d0%bd%d0%b0%d1%82%d0%be%d1%80%d0%b8\",\"url\":\"https:\/\/epi.org.mk\/%d0%b4%d0%be%d0%bd%d0%b0%d1%82%d0%be%d1%80%d0%b8\",\"name\":\"Donator\u00ebt - EPI\",\"isPartOf\":{\"@id\":\"https:\/\/epi.org.mk\/#website\"},\"datePublished\":\"2018-10-22T11:08:28+00:00\",\"dateModified\":\"2021-08-09T13:50:10+00:00\",\"breadcrumb\":{\"@id\":\"https:\/\/epi.org.mk\/%d0%b4%d0%be%d0%bd%d0%b0%d1%82%d0%be%d1%80%d0%b8#breadcrumb\"},\"inLanguage\":\"mk-MK\",\"potentialAction\":[{\"@type\":\"ReadAction\",\"target\":[\"https:\/\/epi.org.mk\/%d0%b4%d0%be%d0%bd%d0%b0%d1%82%d0%be%d1%80%d0%b8\"]}]},{\"@type\":\"BreadcrumbList\",\"@id\":\"https:\/\/epi.org.mk\/%d0%b4%d0%be%d0%bd%d0%b0%d1%82%d0%be%d1%80%d0%b8#breadcrumb\",\"itemListElement\":[{\"@type\":\"ListItem\",\"position\":1,\"name\":\"Home\",\"item\":\"https:\/\/epi.org.mk\/\"},{\"@type\":\"ListItem\",\"position\":2,\"name\":\"Donator\u00ebt\"}]},{\"@type\":\"WebSite\",\"@id\":\"https:\/\/epi.org.mk\/#website\",\"url\":\"https:\/\/epi.org.mk\/\",\"name\":\"EPI\",\"description\":\"\u0418\u043d\u0441\u0442\u0438\u0442\u0443\u0442 \u0437\u0430 \u0435\u0432\u0440\u043e\u043f\u0441\u043a\u0430 \u043f\u043e\u043b\u0438\u0442\u0438\u043a\u0430\",\"publisher\":{\"@id\":\"https:\/\/epi.org.mk\/#organization\"},\"potentialAction\":[{\"@type\":\"SearchAction\",\"target\":{\"@type\":\"EntryPoint\",\"urlTemplate\":\"https:\/\/epi.org.mk\/?s={search_term_string}\"},\"query-input\":{\"@type\":\"PropertyValueSpecification\",\"valueRequired\":true,\"valueName\":\"search_term_string\"}}],\"inLanguage\":\"mk-MK\"},{\"@type\":\"Organization\",\"@id\":\"https:\/\/epi.org.mk\/#organization\",\"name\":\"European Policy Institute - Skopje\",\"alternateName\":\"EPI Skopje\",\"url\":\"https:\/\/epi.org.mk\/\",\"logo\":{\"@type\":\"ImageObject\",\"inLanguage\":\"mk-MK\",\"@id\":\"https:\/\/epi.org.mk\/#\/schema\/logo\/image\/\",\"url\":\"https:\/\/epi.org.mk\/wp-content\/uploads\/epi-logo.jpg\",\"contentUrl\":\"https:\/\/epi.org.mk\/wp-content\/uploads\/epi-logo.jpg\",\"width\":909,\"height\":909,\"caption\":\"European Policy Institute - Skopje\"},\"image\":{\"@id\":\"https:\/\/epi.org.mk\/#\/schema\/logo\/image\/\"},\"sameAs\":[\"https:\/\/www.facebook.com\/EPI.Skopje\/\",\"https:\/\/x.com\/epi_skopje\",\"https:\/\/www.instagram.com\/epi.skopje\/\",\"https:\/\/www.linkedin.com\/company\/epi-skopje\"]}]}<\/script>\n<!-- \/ Yoast SEO plugin. -->","yoast_head_json":{"title":"Donator\u00ebt - EPI","robots":{"index":"index","follow":"follow","max-snippet":"max-snippet:-1","max-image-preview":"max-image-preview:large","max-video-preview":"max-video-preview:-1"},"canonical":"https:\/\/epi.org.mk\/sq\/\u0434\u043e\u043d\u0430\u0442\u043e\u0440\u0438\/","og_locale":"mk_MK","og_type":"article","og_title":"Donator\u00ebt - EPI","og_url":"https:\/\/epi.org.mk\/sq\/\u0434\u043e\u043d\u0430\u0442\u043e\u0440\u0438\/","og_site_name":"EPI","article_publisher":"https:\/\/www.facebook.com\/EPI.Skopje\/","article_modified_time":"2021-08-09T13:50:10+00:00","twitter_card":"summary_large_image","twitter_site":"@epi_skopje","twitter_misc":{"Est. reading time":"25 minutes"},"schema":{"@context":"https:\/\/schema.org","@graph":[{"@type":"WebPage","@id":"https:\/\/epi.org.mk\/%d0%b4%d0%be%d0%bd%d0%b0%d1%82%d0%be%d1%80%d0%b8","url":"https:\/\/epi.org.mk\/%d0%b4%d0%be%d0%bd%d0%b0%d1%82%d0%be%d1%80%d0%b8","name":"Donator\u00ebt - EPI","isPartOf":{"@id":"https:\/\/epi.org.mk\/#website"},"datePublished":"2018-10-22T11:08:28+00:00","dateModified":"2021-08-09T13:50:10+00:00","breadcrumb":{"@id":"https:\/\/epi.org.mk\/%d0%b4%d0%be%d0%bd%d0%b0%d1%82%d0%be%d1%80%d0%b8#breadcrumb"},"inLanguage":"mk-MK","potentialAction":[{"@type":"ReadAction","target":["https:\/\/epi.org.mk\/%d0%b4%d0%be%d0%bd%d0%b0%d1%82%d0%be%d1%80%d0%b8"]}]},{"@type":"BreadcrumbList","@id":"https:\/\/epi.org.mk\/%d0%b4%d0%be%d0%bd%d0%b0%d1%82%d0%be%d1%80%d0%b8#breadcrumb","itemListElement":[{"@type":"ListItem","position":1,"name":"Home","item":"https:\/\/epi.org.mk\/"},{"@type":"ListItem","position":2,"name":"Donator\u00ebt"}]},{"@type":"WebSite","@id":"https:\/\/epi.org.mk\/#website","url":"https:\/\/epi.org.mk\/","name":"EPI","description":"\u0418\u043d\u0441\u0442\u0438\u0442\u0443\u0442 \u0437\u0430 \u0435\u0432\u0440\u043e\u043f\u0441\u043a\u0430 \u043f\u043e\u043b\u0438\u0442\u0438\u043a\u0430","publisher":{"@id":"https:\/\/epi.org.mk\/#organization"},"potentialAction":[{"@type":"SearchAction","target":{"@type":"EntryPoint","urlTemplate":"https:\/\/epi.org.mk\/?s={search_term_string}"},"query-input":{"@type":"PropertyValueSpecification","valueRequired":true,"valueName":"search_term_string"}}],"inLanguage":"mk-MK"},{"@type":"Organization","@id":"https:\/\/epi.org.mk\/#organization","name":"European Policy Institute - Skopje","alternateName":"EPI Skopje","url":"https:\/\/epi.org.mk\/","logo":{"@type":"ImageObject","inLanguage":"mk-MK","@id":"https:\/\/epi.org.mk\/#\/schema\/logo\/image\/","url":"https:\/\/epi.org.mk\/wp-content\/uploads\/epi-logo.jpg","contentUrl":"https:\/\/epi.org.mk\/wp-content\/uploads\/epi-logo.jpg","width":909,"height":909,"caption":"European Policy Institute - Skopje"},"image":{"@id":"https:\/\/epi.org.mk\/#\/schema\/logo\/image\/"},"sameAs":["https:\/\/www.facebook.com\/EPI.Skopje\/","https:\/\/x.com\/epi_skopje","https:\/\/www.instagram.com\/epi.skopje\/","https:\/\/www.linkedin.com\/company\/epi-skopje"]}]}},"_links":{"self":[{"href":"https:\/\/epi.org.mk\/sq\/wp-json\/wp\/v2\/pages\/8527","targetHints":{"allow":["GET"]}}],"collection":[{"href":"https:\/\/epi.org.mk\/sq\/wp-json\/wp\/v2\/pages"}],"about":[{"href":"https:\/\/epi.org.mk\/sq\/wp-json\/wp\/v2\/types\/page"}],"author":[{"embeddable":true,"href":"https:\/\/epi.org.mk\/sq\/wp-json\/wp\/v2\/users\/1"}],"replies":[{"embeddable":true,"href":"https:\/\/epi.org.mk\/sq\/wp-json\/wp\/v2\/comments?post=8527"}],"version-history":[{"count":0,"href":"https:\/\/epi.org.mk\/sq\/wp-json\/wp\/v2\/pages\/8527\/revisions"}],"wp:attachment":[{"href":"https:\/\/epi.org.mk\/sq\/wp-json\/wp\/v2\/media?parent=8527"}],"curies":[{"name":"wp","href":"https:\/\/api.w.org\/{rel}","templated":true}]}}